{"id":91,"date":"2020-01-22T18:11:39","date_gmt":"2020-01-22T18:11:39","guid":{"rendered":"http:\/\/jaais.eu\/?page_id=91"},"modified":"2022-01-19T08:29:26","modified_gmt":"2022-01-19T08:29:26","slug":"arhiva","status":"publish","type":"page","link":"https:\/\/jaais.eu\/en\/arhiva\/","title":{"rendered":"JAAIS No. 1\/2019"},"content":{"rendered":"\n<div class=\"wp-block-media-text alignwide is-stacked-on-mobile\" style=\"grid-template-columns:38% auto\"><figure class=\"wp-block-media-text__media\"><img loading=\"lazy\" decoding=\"async\" width=\"755\" height=\"1024\" src=\"http:\/\/jaais.eu\/wp-content\/uploads\/2020\/01\/RAASI-1-2019-coperta-755x1024.jpg\" alt=\"\" class=\"wp-image-125 size-full\" srcset=\"https:\/\/jaais.eu\/wp-content\/uploads\/2020\/01\/RAASI-1-2019-coperta-755x1024.jpg 755w, https:\/\/jaais.eu\/wp-content\/uploads\/2020\/01\/RAASI-1-2019-coperta-221x300.jpg 221w, https:\/\/jaais.eu\/wp-content\/uploads\/2020\/01\/RAASI-1-2019-coperta-768x1042.jpg 768w, https:\/\/jaais.eu\/wp-content\/uploads\/2020\/01\/RAASI-1-2019-coperta-1132x1536.jpg 1132w, https:\/\/jaais.eu\/wp-content\/uploads\/2020\/01\/RAASI-1-2019-coperta.jpg 1396w\" sizes=\"auto, (max-width: 755px) 100vw, 755px\" \/><\/figure><div class=\"wp-block-media-text__content\">\n<ul class=\"wp-block-list\"><li><strong>Journal of Archaeology, Anthropology and Interdisciplinary Studies (JAAIS) <\/strong><\/li><li><strong>No. 1 \/ 2019<\/strong><\/li><li><strong>ISSN 2587-3768<\/strong><\/li><li><strong>E-ISSN 2587-3776<\/strong><\/li><\/ul>\n\n\n\n<p><\/p>\n<\/div><\/div>\n\n\n\n<p><a rel=\"noreferrer noopener\" aria-label=\"\u041f\u0438\u0441\u0442\u0440\u0443\u0438\u043b \u0418\u0433\u043e\u0440\u044c \u0412\u043b\u0430\u0434\u0438\u043c\u0438\u0440\u043e\u0432\u0438\u0447, \u0413\u0440\u0438\u0446\u044e\u0442\u0430 \u041e\u043a\u0441\u0430\u043d\u0430 \u0410\u043b\u0435\u043a\u0441\u0430\u043d\u0434\u0440\u043e\u0432\u043d\u0430, \u0421\u043a\u0440\u0435\u0431\u043a\u0438 \u0432\u0435\u0440\u0445\u043d\u0435\u043f\u0430\u043b\u0435\u043e\u043b\u0438\u0442\u0438\u0447\u0435\u0441\u043a\u043e\u0439 \u0441\u0442\u043e\u044f\u043d\u043a\u0438 \u0410\u043d\u0435\u0442\u043e\u0432\u043a\u0430 1 \/ Scrapers of the Upper Paleolithic site Anetovka 1 (opens in a new tab)\" href=\"http:\/\/jaais.eu\/wp-content\/uploads\/2020\/01\/Pistruil.pdf\" target=\"_blank\">\u041f\u0438\u0441\u0442\u0440\u0443\u0438\u043b \u0418\u0433\u043e\u0440\u044c \u0412\u043b\u0430\u0434\u0438\u043c\u0438\u0440\u043e\u0432\u0438\u0447, \u0413\u0440\u0438\u0446\u044e\u0442\u0430 \u041e\u043a\u0441\u0430\u043d\u0430 \u0410\u043b\u0435\u043a\u0441\u0430\u043d\u0434\u0440\u043e\u0432\u043d\u0430, <strong>\u0421\u043a\u0440\u0435\u0431\u043a\u0438 \u0432\u0435\u0440\u0445\u043d\u0435\u043f\u0430\u043b\u0435\u043e\u043b\u0438\u0442\u0438\u0447\u0435\u0441\u043a\u043e\u0439 \u0441\u0442\u043e\u044f\u043d\u043a\u0438 \u0410\u043d\u0435\u0442\u043e\u0432\u043a\u0430 1 \/ <\/strong><em>Scrapers of the Upper Paleolithic site Anetovka 1<\/em><\/a><\/p>\n\n\n\n<p><a href=\"http:\/\/jaais.eu\/wp-content\/uploads\/2020\/01\/Stefan.pdf\" target=\"_blank\" rel=\"noreferrer noopener\" aria-label=\"Cristian Eduard \u015etefan, Noi descoperiri de tip V\u0103dastra la Romula (Re\u015fca, jud. Olt), Rom\u00e2nia \/ New finds of V\u0103dastra type at Romula (Re\u015fca, Olt County), Romania (opens in a new tab)\">Cristian Eduard \u015etefan, <strong>Noi descoperiri de tip V\u0103dastra la Romula (Re\u015fca, jud. Olt), Rom\u00e2nia \/ <\/strong><em>New finds of V\u0103dastra type at Romula (Re\u015fca, Olt County), Romania<\/em><\/a><\/p>\n\n\n\n<p><a rel=\"noreferrer noopener\" aria-label=\"Gabriel VASILE, Analiza antropologica a scheletelor eneolitice din necropola asezarii eponime de la Gumelnita (jud. Calarasi) \/ Anthropological analysis of the Eneolithic skeketons from the necropolis of the eponymous settlement at Gumelni\u021ba (C\u0103l\u0103ra\u015fi county, Romania) (opens in a new tab)\" href=\"http:\/\/jaais.eu\/wp-content\/uploads\/2020\/01\/Vasile.pdf\" target=\"_blank\">Gabriel Vasile, <strong>Analiza antropologica a scheletelor eneolitice din necropola asezarii eponime de la Gumelnita (jud. Calarasi) \/ <\/strong><em>Anthropological analysis of the Eneolithic skeketons from the necropolis of the eponymous settlement at Gumelni\u021ba (C\u0103l\u0103ra\u015fi county, Romania)<\/em><\/a><\/p>\n\n\n\n<p><a rel=\"noreferrer noopener\" aria-label=\"Adela Kov\u00c1Cs, Muluri decorative \u015fi piese masive din lut apar\u0163in\u00e2nd culturii Cucuteni din Muzeul Jude\u0163ean Boto\u015fani \/ Decorative moldings and massive objects made of clay from Cucuteni culture, in Boto\u015fani County Museum (opens in a new tab)\" href=\"http:\/\/jaais.eu\/wp-content\/uploads\/2020\/01\/Kovacs.pdf\" target=\"_blank\">Adela Kovacs, <strong>Muluri decorative \u015fi piese masive din lut apar\u0163in\u00e2nd culturii Cucuteni din Muzeul Jude\u0163ean Boto\u015fani<\/strong> \/ <em>Decorative moldings and massive objects made of clay from Cucuteni culture, in Boto\u015fani County Museum<\/em><\/a><\/p>\n\n\n\n<p><a href=\"http:\/\/jaais.eu\/wp-content\/uploads\/2020\/01\/Weller.pdf\" target=\"_blank\" rel=\"noreferrer noopener\" aria-label=\"Olivier Weller, Robin Brigand, Un projet franco-moldave: Dynamiques de peuplement, territoires et ressources naturelles dans la Pr\u00e9histoire r\u00e9cente de Moldavie (5500-3000 BC) \/ Un proiect franco-moldav: dinamica de populare, teritorii \u015fi resurse naturale \u00een preistoria recent\u0103 a Moldovei (5500-3000 \u00ee. Chr.) (opens in a new tab)\">Olivier Weller, Robin Brigand, <strong>Un projet franco-moldave: Dynamiques de peuplement, territoires et ressources naturelles dans la Pr\u00e9histoire r\u00e9cente de Moldavie (5500-3000 BC) \/ <\/strong><em>Un proiect franco-moldav: dinamica de populare, teritorii \u015fi resurse naturale \u00een preistoria recent\u0103 a Moldovei (5500-3000 \u00ee. Chr.)<\/em><\/a><\/p>\n\n\n\n<p><a href=\"http:\/\/jaais.eu\/wp-content\/uploads\/2020\/01\/Diaconu.pdf\" target=\"_blank\" rel=\"noreferrer noopener\" aria-label=\"Vasile DIACONU, Toponimele \u201ecet\u0103\u0163uia\u201d \u015fi \u201ecetate\u201d din zona Neam\u0163ului \u2013 confirm\u0103ri \u015fi infirm\u0103ri ale prezen\u0163ei unor situri arheologice \/ The toponyms \">Vasile DIACONU, <strong>Toponimele \u201ecet\u0103\u0163uia\u201d \u015fi \u201ecetate\u201d din zona Neam\u0163ului \u2013 confirm\u0103ri \u015fi infirm\u0103ri ale prezen\u0163ei unor situri arheologice \/ <\/strong><em>The toponyms &#8220;cet\u0103\u0163uia&#8221; and &#8220;cetate&#8221; from Neamt area \u2013 confirmation and refutation of the presence of the archaeological sites<\/em><\/a><\/p>\n\n\n\n<p><a href=\"http:\/\/jaais.eu\/wp-content\/uploads\/2020\/01\/Morintz.pdf\" target=\"_blank\" rel=\"noreferrer noopener\" aria-label=\"Alexandru Morintz, Povestea a trei culturi arheologice cu denumiri neobi\u0219nuite: Cernavoda I, Cernavoda III \u0219i Cernavoda II. Un demers istoriografic \/ The story of three archaeological cultures with unusual names: Cernavoda I, Cernavoda III, and Cernavoda II. A historiographical approach (opens in a new tab)\">Alexandru Morintz, <strong>Povestea a trei culturi arheologice cu denumiri neobi\u0219nuite: Cernavoda I, Cernavoda III \u0219i Cernavoda II. Un demers istoriografic \/ <\/strong><em>The story of three archaeological cultures with unusual names: Cernavoda I, Cernavoda III, and Cernavoda II. A historiographical approach<\/em><\/a><\/p>\n\n\n\n<p><a href=\"http:\/\/jaais.eu\/wp-content\/uploads\/2020\/01\/Razumov.pdf\" target=\"_blank\" rel=\"noreferrer noopener\" aria-label=\"\u0420\u0430\u0437\u0443\u043c\u043e\u0432 \u0421\u0435\u0440\u0433\u0435\u0439 \u041d\u0438\u043a\u043e\u043b\u0430\u0435\u0432\u0438\u0447, \u041b\u044b\u0441\u0435\u043d\u043a\u043e \u0421\u0435\u0440\u0433\u0435\u0439 \u0414\u043c\u0438\u0442\u0440\u0438\u0435\u0432\u0438\u0447, \u0421\u0438\u043d\u0438\u043a\u0430 \u0412\u0438\u0442\u0430\u043b\u0438\u0439 \u0421\u0442\u0435\u043f\u0430\u043d\u043e\u0432\u0438\u0447, \u0422\u0435\u043b\u044c\u043d\u043e\u0432 \u041d\u0438\u043a\u043e\u043b\u0430\u0439 \u041f\u0435\u0442\u0440\u043e\u0432\u0438\u0447, \u041a\u0443\u0440\u0433\u0430\u043d \u0431\u0440\u043e\u043d\u0437\u043e\u0432\u043e\u0433\u043e \u0432\u0435\u043a\u0430 \u2116 2 \u0433\u0440\u0443\u043f\u043f\u044b \u00ab\u0414\u041e\u0422\u00bb \u0443 \u0441. \u0413\u043b\u0438\u043d\u043e\u0435 \u043d\u0430 \u041d\u0438\u0436\u043d\u0435\u043c \u0414\u043d\u0435\u0441\u0442\u0440\u0435 \/ Bronze Age barrow No. 2 of the \u201cDOT\u201d group near Glinoe village on the Lower Dniester (opens in a new tab)\">\u0420\u0430\u0437\u0443\u043c\u043e\u0432 \u0421\u0435\u0440\u0433\u0435\u0439 \u041d\u0438\u043a\u043e\u043b\u0430\u0435\u0432\u0438\u0447, \u041b\u044b\u0441\u0435\u043d\u043a\u043e \u0421\u0435\u0440\u0433\u0435\u0439 \u0414\u043c\u0438\u0442\u0440\u0438\u0435\u0432\u0438\u0447, \u0421\u0438\u043d\u0438\u043a\u0430 \u0412\u0438\u0442\u0430\u043b\u0438\u0439 \u0421\u0442\u0435\u043f\u0430\u043d\u043e\u0432\u0438\u0447, \u0422\u0435\u043b\u044c\u043d\u043e\u0432 \u041d\u0438\u043a\u043e\u043b\u0430\u0439 \u041f\u0435\u0442\u0440\u043e\u0432\u0438\u0447, <strong>\u041a\u0443\u0440\u0433\u0430\u043d \u0431\u0440\u043e\u043d\u0437\u043e\u0432\u043e\u0433\u043e \u0432\u0435\u043a\u0430 \u2116 2 \u0433\u0440\u0443\u043f\u043f\u044b \u00ab\u0414\u041e\u0422\u00bb \u0443 \u0441. \u0413\u043b\u0438\u043d\u043e\u0435 \u043d\u0430 \u041d\u0438\u0436\u043d\u0435\u043c \u0414\u043d\u0435\u0441\u0442\u0440\u0435 \/ <\/strong><em>Bronze Age barrow No. 2 of the \u201cDOT\u201d group near Glinoe village on the Lower Dniester<\/em><\/a><\/p>\n\n\n\n<p><a href=\"http:\/\/jaais.eu\/wp-content\/uploads\/2020\/01\/Agulnicov.pdf\" target=\"_blank\" rel=\"noreferrer noopener\" aria-label=\"\u0410\u0433\u0443\u043b\u044c\u043d\u0438\u043a\u043e\u0432 \u0421\u0435\u0440\u0433\u0435\u0439 \u041c\u0438\u0445\u0430\u0439\u043b\u043e\u0432\u0438\u0447, \u041f\u0440\u043e\u0446\u0435\u0441\u0441 \u0441\u043b\u043e\u0436\u0435\u043d\u0438\u044f \u0438 \u043c\u0430\u0442\u0435\u0440\u0438\u0430\u043b\u044c\u043d\u044b\u0435 \u043a\u043e\u043c\u043f\u043e\u043d\u0435\u043d\u0442\u044b \u043f\u043e\u0433\u0440\u0435\u0431\u0430\u043b\u044c\u043d\u043e\u0433\u043e \u043e\u0431\u0440\u044f\u0434\u0430 \u0411\u0435\u043b\u043e\u0437\u0435\u0440\u0441\u043a\u043e\u0439 \u043a\u0443\u043b\u044c\u0442\u0443\u0440\u044b \u0432 \u041f\u0440\u0443\u0442\u043e-\u0414\u043d\u0435\u0441\u0442\u0440\u043e\u0432\u0441\u043a\u043e\u043c \u043c\u0435\u0436\u0434\u0443\u0440\u0435\u0447\u044c\u0435 \/ The process of formation the funeral rite in the Belozerka culture from the Pruto-Dniester area and its material components (opens in a new tab)\">\u0410\u0433\u0443\u043b\u044c\u043d\u0438\u043a\u043e\u0432 \u0421\u0435\u0440\u0433\u0435\u0439 \u041c\u0438\u0445\u0430\u0439\u043b\u043e\u0432\u0438\u0447, <strong>\u041f\u0440\u043e\u0446\u0435\u0441\u0441 \u0441\u043b\u043e\u0436\u0435\u043d\u0438\u044f \u0438 \u043c\u0430\u0442\u0435\u0440\u0438\u0430\u043b\u044c\u043d\u044b\u0435 \u043a\u043e\u043c\u043f\u043e\u043d\u0435\u043d\u0442\u044b \u043f\u043e\u0433\u0440\u0435\u0431\u0430\u043b\u044c\u043d\u043e\u0433\u043e \u043e\u0431\u0440\u044f\u0434\u0430 \u0411\u0435\u043b\u043e\u0437\u0435\u0440\u0441\u043a\u043e\u0439 \u043a\u0443\u043b\u044c\u0442\u0443\u0440\u044b \u0432 \u041f\u0440\u0443\u0442\u043e-\u0414\u043d\u0435\u0441\u0442\u0440\u043e\u0432\u0441\u043a\u043e\u043c \u043c\u0435\u0436\u0434\u0443\u0440\u0435\u0447\u044c\u0435 \/ <\/strong><em>The process of formation the funeral rite in the Belozerka culture from the Pruto-Dniester area and its material components<\/em><\/a><\/p>\n\n\n\n<p><a href=\"http:\/\/jaais.eu\/wp-content\/uploads\/2020\/01\/Valiciak.pdf\" target=\"_blank\" rel=\"noreferrer noopener\" aria-label=\"\u0412\u0430\u043b\u044c\u0447\u0430\u043a \u0421\u0435\u0440\u0433\u0435\u0439 \u0411\u043e\u0440\u0438\u0441\u043e\u0432\u0438\u0447, \u0421\u0438\u043d\u0438\u043a\u0430 \u0412\u0438\u0442\u0430\u043b\u0438\u0439 \u0421\u0442\u0435\u043f\u0430\u043d\u043e\u0432\u0438\u0447, \u041b\u0443\u043a\u0430\u0441\u0438\u043a \u0421\u0438\u043b\u044c\u0432\u0438\u044f, \u041f\u043e\u0441\u043f\u0435\u0448\u043d\u044b \u041b\u0443\u043a\u0430\u0448, \u0413\u043e\u0440\u0431\u043e\u043b\u044c \u041d\u0438\u043a\u043e\u043b\u0430\u0439 \u042e\u0440\u044c\u0435\u0432\u0438\u0447, \u041f\u0440\u0435\u0434\u0441\u043a\u0438\u0444\u0441\u043a\u0438\u0435 \u043f\u043e\u0433\u0440\u0435\u0431\u0435\u043d\u0438\u044f \u0433\u0440\u0443\u043f\u043f\u044b \u00ab\u0421\u0430\u0434\u00bb \u0443 \u0441. \u0413\u043b\u0438\u043d\u043e\u0435 \u043d\u0430 \u043b\u0435\u0432\u043e\u0431\u0435\u0440\u0435\u0436\u044c\u0435 \u041d\u0438\u0436\u043d\u0435\u0433\u043e \u0414\u043d\u0435\u0441\u0442\u0440\u0430 \/ Pre-Scythian graves of the \u201cGarden\u201d group near Glinoe villageon the left bank of the Lower Dniester (opens in a new tab)\">\u0412\u0430\u043b\u044c\u0447\u0430\u043a \u0421\u0435\u0440\u0433\u0435\u0439 \u0411\u043e\u0440\u0438\u0441\u043e\u0432\u0438\u0447, \u0421\u0438\u043d\u0438\u043a\u0430 \u0412\u0438\u0442\u0430\u043b\u0438\u0439 \u0421\u0442\u0435\u043f\u0430\u043d\u043e\u0432\u0438\u0447, \u041b\u0443\u043a\u0430\u0441\u0438\u043a \u0421\u0438\u043b\u044c\u0432\u0438\u044f, \u041f\u043e\u0441\u043f\u0435\u0448\u043d\u044b \u041b\u0443\u043a\u0430\u0448, \u0413\u043e\u0440\u0431\u043e\u043b\u044c \u041d\u0438\u043a\u043e\u043b\u0430\u0439 \u042e\u0440\u044c\u0435\u0432\u0438\u0447, <strong>\u041f\u0440\u0435\u0434\u0441\u043a\u0438\u0444\u0441\u043a\u0438\u0435 \u043f\u043e\u0433\u0440\u0435\u0431\u0435\u043d\u0438\u044f \u0433\u0440\u0443\u043f\u043f\u044b \u00ab\u0421\u0430\u0434\u00bb \u0443 \u0441. \u0413\u043b\u0438\u043d\u043e\u0435 \u043d\u0430 \u043b\u0435\u0432\u043e\u0431\u0435\u0440\u0435\u0436\u044c\u0435 \u041d\u0438\u0436\u043d\u0435\u0433\u043e \u0414\u043d\u0435\u0441\u0442\u0440\u0430 \/ <\/strong><em>Pre-Scythian graves of the \u201cGarden\u201d group near Glinoe villageon the left bank of the Lower Dniester<\/em><\/a><\/p>\n\n\n\n<p><a href=\"http:\/\/jaais.eu\/wp-content\/uploads\/2020\/01\/Berzovan.pdf\" target=\"_blank\" rel=\"noreferrer noopener\" aria-label=\"Alexandru Berzovan, Adela Kov\u00e1cs, Alexandru Nechifor, O nou\u0103 cetate din epoca fierului la Bucecea \/ Cervice\u015fti - P\u0103durea G\u0103vanului, jude\u0163ul Boto\u015fani (sec. V-III \u00ee.Chr.) \/ A new Iron Age fort at Bucecea \/ Cervice\u0219ti - P\u0103durea G\u0103vanului, Boto\u0219ani County (5th - 3rd centuries BC) (opens in a new tab)\">Alexandru Berzovan, Adela Kov\u00e1cs, Alexandru Nechifor, <strong>O nou\u0103 cetate din epoca fierului la Bucecea \/ Cervice\u015fti &#8211; P\u0103durea G\u0103vanului, jude\u0163ul Boto\u015fani (sec. V-III \u00ee.Chr.) <\/strong>\/ <em>A new Iron Age fort at Bucecea \/ Cervice\u0219ti &#8211; P\u0103durea G\u0103vanului, Boto\u0219ani County (5<sup>th<\/sup> &#8211; 3<sup>rd<\/sup> centuries BC)<\/em><\/a><\/p>\n\n\n\n<p><a href=\"http:\/\/jaais.eu\/wp-content\/uploads\/2020\/01\/Hanceanu.pdf\" target=\"_blank\" rel=\"noreferrer noopener\" aria-label=\"George-Dan H\u00e2nceanu, Ipoteze privind scopul perfor\u0103rii vaselor de lut \u015fi de bronz din situl de la Ro\u015fiori-Dulce\u015fti (jud. Neam\u0163) \/ Assumptions for perforations the clay and bronze pots from the site of Ro\u015fiori \u2013 Dulce\u015fti (Neam\u0163 County) (opens in a new tab)\">George-Dan H\u00e2nceanu, <strong>Ipoteze privind scopul perfor\u0103rii vaselor de lut \u015fi de bronz din situl de la Ro\u015fiori-<em>Dulce\u015fti<\/em> (jud. Neam\u0163) \/ <\/strong><em>Assumptions for perforations the clay and bronze pots from the site of Ro\u015fiori \u2013 Dulce\u015fti (Neam\u0163 County)<\/em><\/a><\/p>\n\n\n\n<p><a href=\"http:\/\/jaais.eu\/wp-content\/uploads\/2020\/01\/Simonenko.pdf\" target=\"_blank\" rel=\"noreferrer noopener\" aria-label=\"\u0421\u0438\u043c\u043e\u043d\u0435\u043d\u043a\u043e \u0421\u0435\u0440\u0433\u0435\u0439 \u041e\u043b\u0435\u0433\u043e\u0432\u0438\u0447, \u041f\u043e\u0433\u0440\u0435\u0431\u0435\u043d\u0438\u0435 \u0447\u0435\u0440\u043d\u044f\u0445\u043e\u0432\u0441\u043a\u043e\u0439 \u043a\u0443\u043b\u044c\u0442\u0443\u0440\u044b \u0438\u0437 \u0441. \u0411\u043e\u043b\u044c\u0448\u043e\u0439 \u041c\u043e\u043b\u043e\u043a\u0438\u0448 \u043d\u0430 \u043b\u0435\u0432\u043e\u0431\u0435\u0440\u0435\u0436\u044c\u0435 \u0421\u0440\u0435\u0434\u043d\u0435\u0433\u043e \u0414\u043d\u0435\u0441\u0442\u0440\u0430 \/ Burial of Chernyakhov culture from the Bolshoj Molokish village on the left bank of the Middle Dniester (opens in a new tab)\">\u0421\u0438\u043c\u043e\u043d\u0435\u043d\u043a\u043e \u0421\u0435\u0440\u0433\u0435\u0439 \u041e\u043b\u0435\u0433\u043e\u0432\u0438\u0447, <strong>\u041f\u043e\u0433\u0440\u0435\u0431\u0435\u043d\u0438\u0435 \u0447\u0435\u0440\u043d\u044f\u0445\u043e\u0432\u0441\u043a\u043e\u0439 \u043a\u0443\u043b\u044c\u0442\u0443\u0440\u044b \u0438\u0437 \u0441. \u0411\u043e\u043b\u044c\u0448\u043e\u0439 \u041c\u043e\u043b\u043e\u043a\u0438\u0448 \u043d\u0430 \u043b\u0435\u0432\u043e\u0431\u0435\u0440\u0435\u0436\u044c\u0435 \u0421\u0440\u0435\u0434\u043d\u0435\u0433\u043e \u0414\u043d\u0435\u0441\u0442\u0440\u0430 \/ <\/strong><em>Burial of Chernyakhov culture from the Bolshoj Molokish village on the left bank of the Middle Dniester<\/em><\/a><\/p>\n\n\n\n<p><a href=\"http:\/\/jaais.eu\/wp-content\/uploads\/2020\/01\/Simalcsik-R.D..pdf\" target=\"_blank\" rel=\"noreferrer noopener\" aria-label=\"Robert Daniel Simalcsik, Date paleoantropologice comparative la c\u00e2teva popula\u021bii apar\u021bin\u00e2nd culturii S\u00e2ntana de Mure\u0219-Cerneahov \/ Comparative palaeoanthropological data of several populations belonging to the culture of S\u00e2ntana de Mure\u0219-Chernyakhov (opens in a new tab)\">Robert Daniel Simalcsik, <strong>Date paleoantropologice comparative la c\u00e2teva popula\u021bii apar\u021bin\u00e2nd culturii S\u00e2ntana de Mure\u0219-Cerneahov \/ <\/strong><em>Comparative palaeoanthropological data of several populations belonging to the culture of S\u00e2ntana de Mure\u0219-Chernyakhov<\/em><\/a><\/p>\n\n\n\n<p><a rel=\"noreferrer noopener\" aria-label=\"Angela SIMALCSIK, Vlad VORNIC, Primul caz de acondroplazie descoperit \u00een Republica Moldova. Necropola medieval\u0103 de la Coste\u0219ti-G\u00e2rlea, morm\u00e2ntul 19 \/ The first case of achondroplasia discovered in the Republic of Moldova. Medieval necropolis from Coste\u0219ti-G\u00e2rlea, grave 19 (opens in a new tab)\" href=\"http:\/\/jaais.eu\/wp-content\/uploads\/2020\/01\/Simalcsik-A..pdf\" target=\"_blank\">Angela Simalcsik, Vlad Vornic, <strong>Primul caz de acondroplazie descoperit \u00een Republica Moldova. Necropola medieval\u0103 de la Coste\u0219ti-<em>G\u00e2rlea<\/em>, morm\u00e2ntul 19 \/ <\/strong><em>The first case of achondroplasia discovered in the Republic of Moldova. Medieval necropolis from Coste\u0219ti-G\u00e2rlea, grave 19<\/em><\/a><\/p>\n\n\n\n<p><a href=\"http:\/\/jaais.eu\/wp-content\/uploads\/2020\/01\/Onica.pdf\" target=\"_blank\" rel=\"noreferrer noopener\" aria-label=\"Dorina Onic\u0103, Ethnographic landscapes as a resource for sustainable development. Case study: Republic of Moldova \/ Peisajele etnografice ca surs\u0103 pentru dezvoltarea durabil\u0103. Studiu de caz: Republica Moldova (opens in a new tab)\">Dorina Onic\u0103, <strong>Ethnographic landscapes as a resource for sustainable development. Case study: Republic of Moldova \/ <\/strong><em>Peisajele etnografice ca surs\u0103 pentru dezvoltarea durabil\u0103. Studiu de caz: Republica Moldova<\/em><\/a><\/p>\n\n\n\n<p><a rel=\"noreferrer noopener\" aria-label=\"Mariana COCIERU, Evolu\u0163ia reprezenta\u0163iilor de art\u0103 dramatic\u0103 tradi\u0163ional\u0103 \/ The evolution of traditional dramatic art representations (opens in a new tab)\" href=\"http:\/\/jaais.eu\/wp-content\/uploads\/2020\/01\/Cocieru.pdf\" target=\"_blank\">Mariana Cocieru, <strong>Evolu\u0163ia reprezenta\u0163iilor de art\u0103 dramatic\u0103 tradi\u0163ional\u0103 \/<\/strong> <em>The evolution of traditional dramatic art representations<\/em><\/a><\/p>\n\n\n\n<p><a href=\"http:\/\/jaais.eu\/wp-content\/uploads\/2020\/01\/Nicolaescu.pdf\" target=\"_blank\" rel=\"noreferrer noopener\" aria-label=\"Gheorghe Nicolaescu, Armonica de gur\u0103 \u2013 particularit\u0103\u0163i organologice \/ Mouth harmonica \u2013 organological particularities (opens in a new tab)\">Gheorghe Nicolaescu, <strong>Armonica de gur\u0103 \u2013 particularit\u0103\u0163i organologice<\/strong> <strong>\/ <\/strong><em>Mouth harmonica \u2013 organological particularities<\/em><\/a><\/p>\n\n\n\n<p><a href=\"http:\/\/jaais.eu\/wp-content\/uploads\/2020\/01\/Fedor.pdf\" target=\"_blank\" rel=\"noreferrer noopener\" aria-label=\"C\u0103t\u0103lin-George Fedor, Studiu de antropologie social\u0103 \u00eentr-o comunitate aflat\u0103 la confluen\u0163a a dou\u0103 regiuni istorice ale Rom\u00e2niei \/ A Social Anthropology Study in a Confluence of Two Romanian Historical Regions Community (opens in a new tab)\">C\u0103t\u0103lin-George Fedor, <strong>Studiu de antropologie social\u0103 \u00eentr-o comunitate aflat\u0103 la confluen\u0163a a dou\u0103 regiuni istorice ale Rom\u00e2niei \/ <\/strong><em>A Social Anthropology Study in a Confluence of Two Romanian Historical Regions Community<\/em><\/a><\/p>\n\n\n\n<p><a href=\"http:\/\/jaais.eu\/wp-content\/uploads\/2020\/01\/Stefan-recenzie.pdf\" target=\"_blank\" rel=\"noreferrer noopener\" aria-label=\"Monica \u0218andor-Chicideanu, Mihai Constantinescu, Necropola din epoca bronzului de la Plosca\/The Bronze Age Necropolis from Plosca, Editura Mega, Cluj-Napoca, 2019, 302 pagini, 39 de figuri, 142 de plan\u015fe (Cristian Eduard \u015etefan) (opens in a new tab)\">Monica \u0218andor-Chicideanu, Mihai Constantinescu,<strong><em> Necropola din epoca bronzului de la Plosca\/The Bronze Age Necropolis from Plosca<\/em><\/strong>, Editura Mega, Cluj-Napoca, 2019, 302 pagini, 39 de figuri, 142 de plan\u015fe (Cristian Eduard \u015etefan)<\/a><\/p>\n\n\n\n<p><a rel=\"noreferrer noopener\" aria-label=\"Vasile Haheu (coord.), Giurgiule\u0219ti \u2013 vestigii arheologice de la Prutul Inferior, Editura Liceum, Chi\u0219in\u0103u, 2019, 276 pagini (Vasile DIACONU) (opens in a new tab)\" href=\"http:\/\/jaais.eu\/wp-content\/uploads\/2020\/01\/Diaconu-recenzie.pdf\" target=\"_blank\">Vasile Haheu (coord.), <strong><em>Giurgiule\u0219ti \u2013 vestigii arheologice de la Prutul Inferior<\/em><\/strong>, Editura Liceum, Chi\u0219in\u0103u, 2019, 276 pagini (Vasile Diaconu)<\/a><\/p>\n\n\n\n<p><strong><a rel=\"noreferrer noopener\" aria-label=\"Lista autorilor, informa\u021bii autori (opens in a new tab)\" href=\"http:\/\/jaais.eu\/wp-content\/uploads\/2020\/01\/informatii-autori.pdf\" target=\"_blank\">List of authors<\/a><\/strong><\/p>\n\n\n","protected":false},"excerpt":{"rendered":"<p>Journal of Archaeology, Anthropology and Interdisciplinary Studies (JAAIS) No. 1 \/ 2019 ISSN 2587-3768 E-ISSN 2587-3776 \u041f\u0438\u0441\u0442\u0440\u0443\u0438\u043b \u0418\u0433\u043e\u0440\u044c \u0412\u043b\u0430\u0434\u0438\u043c\u0438\u0440\u043e\u0432\u0438\u0447, \u0413\u0440\u0438\u0446\u044e\u0442\u0430 \u041e\u043a\u0441\u0430\u043d\u0430 \u0410\u043b\u0435\u043a\u0441\u0430\u043d\u0434\u0440\u043e\u0432\u043d\u0430, \u0421\u043a\u0440\u0435\u0431\u043a\u0438 \u0432\u0435\u0440\u0445\u043d\u0435\u043f\u0430\u043b\u0435\u043e\u043b\u0438\u0442\u0438\u0447\u0435\u0441\u043a\u043e\u0439 \u0441\u0442\u043e\u044f\u043d\u043a\u0438 \u0410\u043d\u0435\u0442\u043e\u0432\u043a\u0430 1 \/ Scrapers of the Upper Paleolithic site Anetovka 1 Cristian Eduard \u015etefan, Noi descoperiri de&hellip;<\/p>\n","protected":false},"author":2,"featured_media":0,"parent":0,"menu_order":0,"comment_status":"closed","ping_status":"closed","template":"","meta":{"footnotes":""},"class_list":["post-91","page","type-page","status-publish","hentry"],"_links":{"self":[{"href":"https:\/\/jaais.eu\/en\/wp-json\/wp\/v2\/pages\/91","targetHints":{"allow":["GET"]}}],"collection":[{"href":"https:\/\/jaais.eu\/en\/wp-json\/wp\/v2\/pages"}],"about":[{"href":"https:\/\/jaais.eu\/en\/wp-json\/wp\/v2\/types\/page"}],"author":[{"embeddable":true,"href":"https:\/\/jaais.eu\/en\/wp-json\/wp\/v2\/users\/2"}],"replies":[{"embeddable":true,"href":"https:\/\/jaais.eu\/en\/wp-json\/wp\/v2\/comments?post=91"}],"version-history":[{"count":27,"href":"https:\/\/jaais.eu\/en\/wp-json\/wp\/v2\/pages\/91\/revisions"}],"predecessor-version":[{"id":538,"href":"https:\/\/jaais.eu\/en\/wp-json\/wp\/v2\/pages\/91\/revisions\/538"}],"wp:attachment":[{"href":"https:\/\/jaais.eu\/en\/wp-json\/wp\/v2\/media?parent=91"}],"curies":[{"name":"wp","href":"https:\/\/api.w.org\/{rel}","templated":true}]}}