{"id":789,"date":"2024-12-04T20:27:17","date_gmt":"2024-12-04T20:27:17","guid":{"rendered":"https:\/\/jaais.eu\/en\/?page_id=789"},"modified":"2024-12-09T06:59:21","modified_gmt":"2024-12-09T06:59:21","slug":"raasi-nr-6-2024","status":"publish","type":"page","link":"https:\/\/jaais.eu\/en\/raasi-nr-6-2024\/","title":{"rendered":"RAASI nr. 6\/2024"},"content":{"rendered":"\n<div class=\"wp-block-media-text is-stacked-on-mobile\" style=\"grid-template-columns:34% auto\"><figure class=\"wp-block-media-text__media\"><img loading=\"lazy\" decoding=\"async\" width=\"723\" height=\"1024\" src=\"https:\/\/jaais.eu\/wp-content\/uploads\/2024\/12\/RAASI-6-cover2-compress-723x1024.jpg\" alt=\"\" class=\"wp-image-794 size-full\" srcset=\"https:\/\/jaais.eu\/wp-content\/uploads\/2024\/12\/RAASI-6-cover2-compress-723x1024.jpg 723w, https:\/\/jaais.eu\/wp-content\/uploads\/2024\/12\/RAASI-6-cover2-compress-212x300.jpg 212w, https:\/\/jaais.eu\/wp-content\/uploads\/2024\/12\/RAASI-6-cover2-compress-768x1088.jpg 768w, https:\/\/jaais.eu\/wp-content\/uploads\/2024\/12\/RAASI-6-cover2-compress-1084x1536.jpg 1084w, https:\/\/jaais.eu\/wp-content\/uploads\/2024\/12\/RAASI-6-cover2-compress-1445x2048.jpg 1445w, https:\/\/jaais.eu\/wp-content\/uploads\/2024\/12\/RAASI-6-cover2-compress-scaled.jpg 1807w\" sizes=\"auto, (max-width: 723px) 100vw, 723px\" \/><\/figure><div class=\"wp-block-media-text__content\">\n<p><\/p>\n\n\n\n<ul>\n<li><strong>Revista de Arheologie, Antropologie \u0219i Studii Interdisciplinare (RAASI)<\/strong><\/li>\n<li><strong>Nr. 6\/2024<\/strong><\/li>\n<li><strong>ISSN 2587-3768<\/strong><\/li>\n<li><strong>E-ISSN 2587-3776<\/strong><\/li>\n<\/ul>\n<\/div><\/div>\n\n\n\n<p><\/p>\n\n\n\n<ul>\n<li style=\"list-style-type: none;\">\u00a0<\/li>\n<li style=\"text-align: justify;\"><a href=\"http:\/\/jaais.eu\/wp-content\/uploads\/2024\/12\/1_In_memoriam_VD_RAASI_6_2024.pdf\" target=\"_blank\" rel=\"noopener\"><strong>Cristian Eduard \u0218tefan, <em>In memoriam Valentin Mircea Dumitra\u0219cu (25.12.1978-02.06.2024)<\/em><\/strong><\/a><\/li>\n<li style=\"text-align: justify;\"><a href=\"http:\/\/jaais.eu\/wp-content\/uploads\/2024\/12\/2_Pistruil_RAASI_6_2024.pdf\" target=\"_blank\" rel=\"noopener\"><strong>Ihor Pistruil, <em>Flintknapping of the Palaeolithic site Kaystrova Balka IV<\/em><\/strong><\/a><\/li>\n<li style=\"text-align: justify;\"><a href=\"http:\/\/jaais.eu\/wp-content\/uploads\/2024\/12\/3_Baciu_Garvan_RAASI_6_2024.pdf\" target=\"_blank\" rel=\"noopener\"><strong>David Baciu, Daniel Garv\u0103n, <em>Analiza unui lot de faun\u0103 precucutenian\u0103 de la Gher\u0103seni-Movila Cremenea (jude\u021bul Buz\u0103u)<\/em><\/strong><\/a><\/li>\n<li style=\"text-align: justify;\"><a href=\"http:\/\/jaais.eu\/wp-content\/uploads\/2024\/12\/4_Stefan_RAASI_6_2024.pdf\" target=\"_blank\" rel=\"noopener\"><strong>Cristian Eduard \u0218tefan, <em>Not\u0103 asupra unor descoperiri preistorice de la Garv\u0103n, jude\u021bul Tulcea<\/em><\/strong><\/a><\/li>\n<li style=\"text-align: justify;\"><a href=\"http:\/\/jaais.eu\/wp-content\/uploads\/2024\/12\/5_Nicolaescu_Plopsor_RAASI_6_2024.pdf\" target=\"_blank\" rel=\"noopener\"><strong>Constantin S. Nicol\u0103escu-Plop\u0219or, <em>Raport asupra cercet\u0103rilor arheologice de la Peri\u0219or, Dolj<\/em><\/strong><\/a><\/li>\n<li style=\"text-align: justify;\"><a href=\"http:\/\/jaais.eu\/wp-content\/uploads\/2024\/12\/6_Preda_Balanica_etal_RAASI_6.pdf\" target=\"_blank\" rel=\"noopener\"><strong>Bianca Preda-B\u0103l\u0103nic\u0103, Marius B\u00e2sceanu, Angela Simalcsik, Daniel Garv\u0103n, <em>Not\u0103 asupra cercet\u0103rilor arheologice realizate de Constantin S. Nicol\u0103escu-Plop\u0219or \u00een movilele funerare de la Peri\u0219or \u0219i Pleni\u021ba (jude\u021bul Dolj)<\/em><\/strong><\/a><\/li>\n<li style=\"text-align: justify;\"><a href=\"http:\/\/jaais.eu\/wp-content\/uploads\/2024\/12\/7_Boghian_etal_RAASI_6_2024.pdf\" target=\"_blank\" rel=\"noopener\"><strong>Dumitru Boghian, Sergiu-Constantin Enea, Sergiu Popovici, Andrei As\u0103ndulesei, Radu-Gabriel P\u00eern\u0103u, Ion Ciobanu, <em>Rezultatele investiga\u021biilor interdisciplinare efectuate \u00een tumulul T1 de la T\u00e2rgu Frumos-Vest de ora\u0219 (jude\u021bul Ia\u0219i, Rom\u00e2nia)<\/em><\/strong><\/a><\/li>\n<li style=\"text-align: justify;\"><a href=\"http:\/\/jaais.eu\/wp-content\/uploads\/2024\/12\/8_Simalcsik_etal_RAASI_6_2024.pdf\" target=\"_blank\" rel=\"noopener\"><strong>Angela Simalcsik, Robert Daniel Simalcsik, Serina Daniela Bobe, Maricela-Rebeca Cefalan, Alina-Georgiana Patriche, <em>Tumulul T1 de la T\u00e2rgu Frumos-Vest de ora\u0219 (jude\u021bul Ia\u0219i, Rom\u00e2nia). Date antropologice<\/em><\/strong><\/a><\/li>\n<li style=\"text-align: justify;\"><a href=\"http:\/\/jaais.eu\/wp-content\/uploads\/2024\/12\/9_Agulnicov_RAASI_6_2024.pdf\" target=\"_blank\" rel=\"noopener\"><strong>Serghei Agulnicov, <em>Not\u0103 privind c\u00e2teva date antropologice referitoare la mormintele Belozerka dintre Dun\u0103re \u0219i Nistru<\/em><\/strong><\/a><\/li>\n<li style=\"text-align: justify;\"><a href=\"http:\/\/jaais.eu\/wp-content\/uploads\/2024\/12\/10_Talmatchi_RAASI_6_2024.pdf\" target=\"_blank\" rel=\"noopener\"><strong>Gabriel Mircea Talma\u021bchi, <em>Despre c\u00e2teva descoperiri de stateri t\u00e2rzii de tip Lysimachos din teritoriul istro-pontic<\/em><\/strong><\/a><\/li>\n<li style=\"text-align: justify;\"><a href=\"http:\/\/jaais.eu\/wp-content\/uploads\/2024\/12\/11_Munteanu_Picior_RAASI_6_2024.pdf\" target=\"_blank\" rel=\"noopener\"><strong>Lucian Munteanu, Adelina Picior, <em>Not\u0103 despre o moned\u0103 roman\u0103 \u201ereparat\u0103\u201d<\/em><\/strong><\/a><\/li>\n<li style=\"text-align: justify;\"><a href=\"http:\/\/jaais.eu\/wp-content\/uploads\/2024\/12\/12_Vornic_Bubulici_RAASI_6_2024.pdf\" target=\"_blank\" rel=\"noopener\"><strong>Vlad Vornic, Valeriu Bubulici, <em>O fibul\u0103 emailat\u0103 roman\u0103 descoperit\u0103 \u00een raionul S\u00e2ngerei (Republica Moldova)<\/em><\/strong><\/a><\/li>\n<li style=\"text-align: justify;\"><a href=\"http:\/\/jaais.eu\/wp-content\/uploads\/2024\/12\/13_Grumeza_etal_RAASI_6_2024.pdf\" target=\"_blank\" rel=\"noopener\"><strong>Lavinia Grumeza, Adrian Ursu\u021biu, Cristina Tica, \u0218tefan Lipot, <em>Analiza \u0219i restaurarea unor piese de centur\u0103 sarmatice descoperite recent \u00een situl V Bor\u0219 (jude\u021bul Bihor)<\/em><\/strong><\/a><\/li>\n<li style=\"text-align: justify;\"><a href=\"http:\/\/jaais.eu\/wp-content\/uploads\/2024\/12\/14_Honcu_RAASI_6_2024.pdf\" target=\"_blank\" rel=\"noopener\"><strong>Ana Honcu, <em>Cartarea descoperirilor ceramice romane din jude\u021bul Ia\u0219i, Rom\u00e2nia. Stadiul actual al cercet\u0103rilor<\/em><\/strong><\/a><\/li>\n<li style=\"text-align: justify;\"><a href=\"http:\/\/jaais.eu\/wp-content\/uploads\/2024\/12\/15_Puskas_RAASI_6_2024.pdf\" target=\"_blank\" rel=\"noopener\"><strong>J\u00f3zsef Pusk\u00e1s, <em>New data on the absolute chronology of the S\u00e2ntana de Mure\u0219-\u010cernjachov Culture in southeastern Transylvania (Covasna County, Romania)<\/em><\/strong><\/a><\/li>\n<li style=\"text-align: justify;\"><a href=\"http:\/\/jaais.eu\/wp-content\/uploads\/2024\/12\/16_Hanceanu_Baltag_RAASI_6_2024.pdf\" target=\"_blank\" rel=\"noopener\"><strong>George-Dan H\u00e2nceanu, Andrei Baltag, <em>Sondajul arheologic din incinta Bisericii ortodoxe a satului Gher\u0103e\u0219ti (jude\u021bul Neam\u021b)<\/em><\/strong><\/a><\/li>\n<li style=\"text-align: justify;\"><a href=\"http:\/\/jaais.eu\/wp-content\/uploads\/2024\/12\/17_Simalcsik_Fedor_Simalcsik_RAASI_6_2024.pdf\" target=\"_blank\" rel=\"noopener\"><strong>Robert Daniel Simalcsik, C\u0103t\u0103lin-George Fedor, Angela Simalcsik, <em>Cercet\u0103ri de antropologie fizic\u0103 \u0219i social\u0103 \u00een localitatea Gher\u0103e\u0219ti din jude\u021bul Neam\u021b<\/em><\/strong><\/a><\/li>\n<li style=\"text-align: justify;\"><a href=\"http:\/\/jaais.eu\/wp-content\/uploads\/2024\/12\/18_Suvac_RAASI_6_2024.pdf\" target=\"_blank\" rel=\"noopener\"><strong>Sergiu Suvac, <em>Prelucrarea artistic\u0103 a pietrei \u00een satele Rezerva\u021biei Cultural-Naturale \u201eOrheiul Vechi\u201d<\/em><\/strong><\/a><\/li>\n<li style=\"text-align: justify;\"><a href=\"http:\/\/jaais.eu\/wp-content\/uploads\/2024\/12\/19_Fedor_RAASI_6_2024.pdf\" target=\"_blank\" rel=\"noopener\"><strong>C\u0103t\u0103lin-George Fedor, <em>Despre capitalul social \u00eentr-o comunitate rural\u0103 moldoveneasc\u0103. Studiu de caz<\/em><\/strong><\/a><\/li>\n<li style=\"text-align: justify;\"><a href=\"http:\/\/jaais.eu\/wp-content\/uploads\/2024\/12\/20_Vasile_recenzie_RAASI_6_2024.pdf\" target=\"_blank\" rel=\"noopener\"><strong>Gabriel Vasile, <em>prezentare de carte: Turanicii \u00een sudul Moldovei. O perspectiv\u0103 arheologic\u0103 \u0219i antropologic\u0103 asupra \u00eenmorm\u00e2nt\u0103rilor medievale \u0219i premoderne (Sergiu Popovici, Angela Simalcsik, Ion Ciobanu, Serghei Agulnicov)<\/em><\/strong><\/a><\/li>\n<\/ul>\n<p>\u00a0<\/p>\n<p>\u00a0<\/p>\n<p>\u00a0<\/p>\n","protected":false},"excerpt":{"rendered":"<p>\u00a0 Cristian Eduard \u0218tefan, In memoriam Valentin Mircea Dumitra\u0219cu (25.12.1978-02.06.2024) Ihor Pistruil, Flintknapping of the Palaeolithic site Kaystrova Balka IV David Baciu, Daniel Garv\u0103n, Analiza unui lot de faun\u0103 precucutenian\u0103 de la Gher\u0103seni-Movila Cremenea (jude\u021bul Buz\u0103u) Cristian Eduard \u0218tefan, Not\u0103 asupra unor&hellip;<\/p>\n","protected":false},"author":3,"featured_media":0,"parent":0,"menu_order":0,"comment_status":"closed","ping_status":"closed","template":"","meta":{"footnotes":""},"class_list":["post-789","page","type-page","status-publish","hentry"],"_links":{"self":[{"href":"https:\/\/jaais.eu\/en\/wp-json\/wp\/v2\/pages\/789","targetHints":{"allow":["GET"]}}],"collection":[{"href":"https:\/\/jaais.eu\/en\/wp-json\/wp\/v2\/pages"}],"about":[{"href":"https:\/\/jaais.eu\/en\/wp-json\/wp\/v2\/types\/page"}],"author":[{"embeddable":true,"href":"https:\/\/jaais.eu\/en\/wp-json\/wp\/v2\/users\/3"}],"replies":[{"embeddable":true,"href":"https:\/\/jaais.eu\/en\/wp-json\/wp\/v2\/comments?post=789"}],"version-history":[{"count":5,"href":"https:\/\/jaais.eu\/en\/wp-json\/wp\/v2\/pages\/789\/revisions"}],"predecessor-version":[{"id":827,"href":"https:\/\/jaais.eu\/en\/wp-json\/wp\/v2\/pages\/789\/revisions\/827"}],"wp:attachment":[{"href":"https:\/\/jaais.eu\/en\/wp-json\/wp\/v2\/media?parent=789"}],"curies":[{"name":"wp","href":"https:\/\/api.w.org\/{rel}","templated":true}]}}