{"id":463,"date":"2022-01-18T17:30:32","date_gmt":"2022-01-18T17:30:32","guid":{"rendered":"http:\/\/jaais.eu\/?page_id=463"},"modified":"2024-12-04T20:42:42","modified_gmt":"2024-12-04T20:42:42","slug":"raasi-nr-3-2021","status":"publish","type":"page","link":"https:\/\/jaais.eu\/en\/raasi-nr-3-2021\/","title":{"rendered":"JAAIS No. 3\/2021"},"content":{"rendered":"\n<div class=\"wp-block-media-text alignwide is-stacked-on-mobile\" style=\"grid-template-columns:29% auto\"><figure class=\"wp-block-media-text__media\"><img loading=\"lazy\" decoding=\"async\" width=\"512\" height=\"686\" src=\"http:\/\/jaais.eu\/wp-content\/uploads\/2022\/01\/coperta-RAASI-3.png\" alt=\"RAASI 3 2021\" class=\"wp-image-470 size-full\" srcset=\"https:\/\/jaais.eu\/wp-content\/uploads\/2022\/01\/coperta-RAASI-3.png 512w, https:\/\/jaais.eu\/wp-content\/uploads\/2022\/01\/coperta-RAASI-3-224x300.png 224w\" sizes=\"auto, (max-width: 512px) 100vw, 512px\" \/><\/figure><div class=\"wp-block-media-text__content\">\n<ul class=\"wp-block-list\"><li><strong>Revista de Arheologie, Antropologie \u015fi Studii Interdisciplinare (RAASI)<\/strong><\/li><li><strong>No. 3 \/ 202<\/strong>1<\/li><li><strong>ISSN 2587-3768<\/strong><\/li><li><strong>E-ISSN 2587-3776<\/strong><\/li><\/ul>\n\n\n<\/div><\/div>\n\n\n\n<p><a href=\"http:\/\/jaais.eu\/wp-content\/uploads\/2022\/01\/Kovacs_Melinte_RAASI_3.pdf\" target=\"_blank\" rel=\"noopener\"><strong>Adela Kov\u00e1cs, Ionela Luiza Melinte, <em>Determin\u0103ri dactiloscopice pe un vas cer amic apar\u0163in\u00e2nd culturii <\/em><\/strong><em><strong>Cucuteni, faza A \/ Dactyloscopic analysis on a ceramic vessel belonging to Cucuteni culture, phase A<\/strong><\/em><\/a><\/p>\n<p><a href=\"http:\/\/jaais.eu\/wp-content\/uploads\/2022\/01\/Kiricenko_RAASI_3_def.pdf\" target=\"_blank\" rel=\"noopener\"><strong>\u041a\u0438\u0440\u0438\u0447\u0435\u043d\u043a\u043e \u0414\u043c\u0438\u0442\u0440\u0438\u0439 \u0410., <em>\u041e\u0431\u044b\u0447\u0430\u0439 \u0438\u0441\u043a\u0443\u0441\u0441\u0442\u0432\u0435\u043d\u043d\u043e\u0439 \u0434\u0435\u0444\u043e\u0440\u043c\u0430\u0446\u0438\u0438 \u0433 \u043e\u043b\u043e\u0432\u044b (\u0447\u0435\u0440\u0435\u043f\u0430) \u043d\u0430 \u0442\u0435\u0440\u0440\u0438\u0442\u043e\u0440\u0438\u0438 \u0410\u0437\u0435\u0440\u0431\u0430\u0439\u0434\u0436\u0430\u043d\u0430, \u041a\u0430\u0432\u043a\u0430\u0437\u0430 \u0438 \u0411\u043b\u0438\u0436\u043d\u0435\u0433 \u043e \u0412\u043e\u0441\u0442\u043e\u043a\u0430 (\u043d\u0435\u043e\u043b\u0438\u0442-\u0445\u0430\u043b\u043a\u043e\u043b\u0438\u0442) \/ Obiceiul deform\u0103rii artificiale a capului (craniului) pe teritoriul Azerbaidjanului, Caucazului \u0219i Orientului Apropiat (neolitic-eneolitic) \/\/ A custom of artificial head (cranial) deformation on the territory of Azerbaijan, Caucasus and Near East (Neolithic-Chalcolithic)<\/em><\/strong><\/a><\/p>\n<p><a href=\"http:\/\/jaais.eu\/wp-content\/uploads\/2022\/01\/Pistruil_Hrytsiuta_RAASI_3.pdf\" target=\"_blank\" rel=\"noopener\"><strong>Ihor V. Pistruil, Oksana A. Hrytsiuta, <em>Traceological study of lithic artefacts from the Mayaki settlement (Usatovskaya culture) \/ Studiul traseologic al pieselor din silex din a\u0219ezarea Mayaki (cultura Usatovskaya)<\/em><\/strong><\/a><\/p>\n<p><a href=\"http:\/\/jaais.eu\/wp-content\/uploads\/2022\/01\/Frinculeasa_et_al_RAASI_3.pdf\" target=\"_blank\" rel=\"noopener\"><strong>Alin Fr\u00eenculeasa, Octav Negrea, C\u0103t\u0103lin D\u00eesc\u0103, Angela Simalcsik, <em>Tumulul II de la Strejnicu (jude\u0163ul Prahova) \u2013 o prezentare arheologic\u0103 \u0219i bio-antropologic\u0103 \/ Archaeological and bio-anthropological research in mound II from Strejnicu (Prahova County)<\/em><\/strong><\/a><\/p>\n<p><a href=\"http:\/\/jaais.eu\/wp-content\/uploads\/2022\/01\/Kiricenko_RAASI_3.pdf\" target=\"_blank\" rel=\"noopener\"><strong>Dmitriy A. Kirichenko, <em>A new burial of the Late Phase of Kura-Araxes cultural tradition\/early kurgan tradition from Azerbaijan \/ O nou\u0103 descoperire funerar\u0103 atribuit\u0103 fazei t\u00e2rzii a tradi\u0163iei culturale Kura-Araxes\/tradi\u0163ia tumulilor timpurii din Azerbaidjan<\/em><\/strong><\/a><\/p>\n<p><a href=\"http:\/\/jaais.eu\/wp-content\/uploads\/2022\/01\/Stefan_RAASI_3.pdf\" target=\"_blank\" rel=\"noopener\"><strong>Cristian Eduard \u0218tefan, <em>A\u0219ezarea de epoca bronzului de la B\u0103l\u0103ceanca, jude\u0163ul Ilfov, Rom\u00e2nia. Unele considera\u0163ii privind cronologia absolut\u0103 a culturii Tei \/ The Bronze Age settlement of B\u0103l\u0103ceanca, Ilfov County, Romania. Some considerations about the absolute chronology of Tei culture<\/em><\/strong><\/a><\/p>\n<p><a href=\"http:\/\/jaais.eu\/wp-content\/uploads\/2022\/01\/Puskas_Darvas_RAASI_3.pdf\" target=\"_blank\" rel=\"noopener\"><strong>J\u00f3zsef Puskas, L\u00f3r\u00e1nt Darvas, <em>A Middle Bronze Age pit at Miercurea Ciuc\/Cs\u00edkszereda &#8211; Fodor-Kert (Harghita County, Romania) \/ O groap\u0103 din perioada mijlocie a epocii bronzului de la Miercurea Ciuc\/Cs\u00edkszereda \u2013 Fodor-Kert (jude\u0163ul Harghita, Rom\u00e2nia)<\/em><\/strong><\/a><\/p>\n<p><a href=\"http:\/\/jaais.eu\/wp-content\/uploads\/2022\/01\/Diaconu_Sirbu_RAASI_3.pdf\" target=\"_blank\" rel=\"noopener\"><strong>Vasile Diaconu, Mariana S\u00eerbu, <em>Note about a Bronze Age hoard from the north of the Republic of Moldova and some considerations about the winged axes to the east of the Carpathians \/ Not\u0103 despre un depozit de bronzuri din nordul Republicii Moldova \u0219i c\u00e2teva considera\u0163ii despre topoarele cu aripioare de la est de Carpa\u0163i<\/em><\/strong><\/a><\/p>\n<p><a href=\"http:\/\/jaais.eu\/wp-content\/uploads\/2022\/01\/Najafov_RAASI_3.pdf\" target=\"_blank\" rel=\"noopener\"><strong>Shamil Najafov, <em>The Tovuzchay I necropolis (Azerbaijan) \/ Necropola I de la Tovuzchay (Azerbaidjan)<\/em><\/strong><\/a><\/p>\n<p><a href=\"http:\/\/jaais.eu\/wp-content\/uploads\/2022\/01\/Sapojnikov_RAASI_3.pdf\" target=\"_blank\" rel=\"noopener\"><strong>\u0421\u0430\u043f\u043e\u0436\u043d\u0438\u043a\u043e\u0432 \u0418\u0433\u043e\u0440\u044c \u0412., \u0411\u0430\u0448\u043d\u044f \u041d\u0435\u043e\u043f\u0442\u043e\u043b\u0435\u043c\u0430, <em>\u041d\u0438\u0436\u043d\u0435\u0434\u043d\u0435\u0441\u0442\u0440\u043e\u0432\u0441\u043a\u0438\u0439 \u0432\u0430\u043b \u0438 \u041d\u0438\u043a\u043e\u043d\u0438\u0439 \u043f\u043e \u043a\u0430\u0440\u0442\u0430\u043c \u0438 \u0440\u0430\u0437\u0432\u0435\u0434\u043a\u0430\u043c \u0441\u0435\u0440\u0435\u0434\u0438\u043d\u044b \u0425\u0406\u0425 \u0432\u0435\u043a\u0430 \/ Turnul lui Neoptolem, valul Nistrului inferior \u0219i Nikonion conform h\u0103r\u0163ilor \u0219i sondajelor de la mijlocul secolului al XIX-lea (\u0406. V. Sapozhnykov) \/\/ Tower of Neoptolemus, Lower Dniester rampart and Nikonion according to maps and surveys of the middle of the 19th century<\/em><\/strong><\/a><\/p>\n<p><a href=\"http:\/\/jaais.eu\/wp-content\/uploads\/2022\/01\/Sinika_et_alii_RAASI_3.pdf\" target=\"_blank\" rel=\"noopener\"><strong>\u0421\u0438\u043d\u0438\u043a\u0430 \u0412\u0438\u0442\u0430\u043b\u0438\u0439 \u0421., \u041b\u044b\u0441\u0435\u043d\u043a\u043e \u0421\u0435\u0440\u0433\u0435\u0439 \u0414., \u0420\u0430\u0437\u0443\u043c\u043e\u0432 \u0421\u0435\u0440\u0433\u0435\u0439 \u041d. \u0422\u0435\u043b\u044c\u043d\u043e\u0432 \u041d\u0438\u043a\u043e\u043b\u0430\u0439 \u041f., <em>\u0421\u043a\u0438\u0444\u0441\u043a\u0438\u0435 \u043f\u043e\u0433\u0440\u0435\u0431\u0435\u043d\u0438\u044f \u0432 \u043a\u0443\u0440\u0433\u0430\u043d\u0430\u0445 \u0433\u0440\u0443\u043f\u043f\u044b \u00ab\u041f\u043b\u0430\u0432\u043d\u0438\u00bb \u043d\u0430 \u041d\u0438\u0436\u043d\u0435\u043c \u0414\u043d\u0435\u0441\u0442\u0440\u0435 \/ Morminte scitice din grupul tumular \u201ePlavni\u201d din regiunea Nistrului Inferior \/\/ Scythian graves in the \u201cPlavni\u201d (\u201cOverflow\u201d) barrow group in the Lower Dniester region<\/em><\/strong><\/a><\/p>\n<p><a href=\"http:\/\/jaais.eu\/wp-content\/uploads\/2022\/01\/Agulnicov_RAASI_3.pdf\" target=\"_blank\" rel=\"noopener\"><strong>\u0410\u0433\u0443\u043b\u044c\u043d\u0438\u043a\u043e\u0432 \u0421\u0435\u0440\u0433\u0435\u0439 \u041c., <em>\u041c\u043e\u0433\u0438\u043b\u044c\u043d\u0438\u043a \u0441\u043a\u0438\u0444\u0441\u043a\u043e\u0439 \u043a\u0443\u043b\u044c\u0442\u0443\u0440\u044b \u0443 \u0441\u0435\u043b\u0430 \u041a\u0430\u0437\u0430\u043a\u043b\u0438\u044f, \u0420\u0435\u0441\u043f\u0443\u0431\u043b\u0438\u043a\u0430 \u041c\u043e\u043b\u0434\u043e\u0432\u0430 \/ Necropola scitic\u0103 de la Cazaclia, Republica Moldova \/\/ The Scythian necropolis of Cazaclia, Republic of Moldova<\/em><\/strong><\/a><\/p>\n<p><a href=\"http:\/\/jaais.eu\/wp-content\/uploads\/2022\/01\/Munteanu_Istina_RAASI_3.pdf\" target=\"_blank\" rel=\"noopener\"><strong>Lucian Munteanu, L\u0103cr\u0103mioara-Elena Istina, <em>O moned\u0103 de tip \u201eAd\u00e2ncata-M\u00e2n\u0103stirea\u201d descoperit\u0103 \u00een situl de la <\/em><\/strong><em><strong>Letea Veche (jude\u0163ul Bac\u0103u, Rom\u00e2nia) \/ A coin of \u201cAd\u00e2ncata-M\u00e2n\u0103stirea\u201d type discovered in the site of Letea Veche <\/strong><\/em><em><strong>(Bac\u0103u County, Romania)<\/strong><\/em><\/a><\/p>\n<p><a href=\"http:\/\/jaais.eu\/wp-content\/uploads\/2022\/01\/Honcu_et_al_RAASI_3-carp.pdf\" target=\"_blank\" rel=\"noopener\"><strong>\u0218tefan Honcu, Angela Simalcsik, Sergiu-Constantin Enea, Dumitru Boghian, <em>Noi informa\u0163ii despre necropola \u201edacilor liberi\u201d de la Coste\u0219ti-Baia, jude\u0163ul Ia\u0219i, Rom\u00e2nia \/ New information about the \u201efree Dacian\u201d necropolis from Coste\u0219ti-Baia, Ia\u0219i County, Romania<\/em><\/strong><\/a><\/p>\n<p><a href=\"http:\/\/jaais.eu\/wp-content\/uploads\/2022\/01\/Hanceanu_Simalcsik_RAASI_3.pdf\" target=\"_blank\" rel=\"noopener\"><strong>George Dan H\u00e2nceanu, Angela Simalcsik, <em>Inventar funerar \u201eredescoperit\u201d \u00eentr-o urn\u0103 din necropola dacilor liberi de la Moldoveni, fost Porce\u0219ti (punctul Dealul Gab\u0103ra), jude\u0163ul Neam\u0163, Rom\u00e2nia \/ Funeral inventory \u201crediscovered\u201d in an urn from the necropolis of the free Dacians from Moldoveni, former Porce\u0219ti (Dealul Gab\u0103ra point), Neam\u0163 County, Romania<\/em><\/strong><\/a><\/p>\n<p><a href=\"http:\/\/jaais.eu\/wp-content\/uploads\/2022\/01\/Simalcsik_RAASI_3.pdf\" target=\"_blank\" rel=\"noopener\"><strong>Robert Daniel Simalcsik, <em>Analiza sintetic\u0103 a trei necropole birituale de secol IV d. Hr. din Podi\u0219ul Central Moldovenesc: Polocin, Pogone\u0219ti \u0219i S\u0103b\u0103oani \/ Synthetic analysis of three biritual necropolises from the 4th century AD from the <\/em><\/strong><em><strong>Central Moldavian Plateau: Polocin, Pogone\u0219ti, and S\u0103b\u0103oani<\/strong><\/em><\/a><\/p>\n<p><a href=\"http:\/\/jaais.eu\/wp-content\/uploads\/2022\/01\/Vasile_RAASI_3.pdf\" target=\"_blank\" rel=\"noopener\"><strong>Gabriel Vasile, Cimitirul otoman de la Cheia Pazvant I (jude\u0163ul Constan\u0163a, Rom\u00e2nia). <em>Analiza osteologic\u0103 a materialului scheletic uman \/ Ottoman cemetery from Cheia Pazvant (Constan\u0163a County, Romania). Osteological analysis of human skeletal material<\/em><\/strong><\/a><\/p>\n<p><a href=\"http:\/\/jaais.eu\/wp-content\/uploads\/2022\/01\/Honcu_et_al_RAASI_3-med.pdf\" target=\"_blank\" rel=\"noopener\"><strong>\u0218tefan Honcu, Angela Simalcsik, Alexandru Berzovan, Robert Daniel Simalcsik, <em>Morm\u00e2ntul medieval Cx 872 descoperit pe varianta ocolitoare a municipiului Bac\u0103u, Rom\u00e2nia \/ Mediaeval grave Cx 872 discovered on the highway of Bac\u0103u, Romania<\/em><\/strong><\/a><\/p>\n<p><a href=\"http:\/\/jaais.eu\/wp-content\/uploads\/2022\/01\/Fedor_RAASI_3.pdf\" target=\"_blank\" rel=\"noopener\"><strong>Catalin-George Fedor, <em>Studiu de antropologie social\u0103 \u00eentr-o comunitate aflat\u0103 la confluen\u0163a a dou\u0103 regiuni istorice ale Rom\u00e2niei (partea a treia) \/ A social anthropology study in a community situated at the confluence of two Romanian historical regions (third part)<\/em><\/strong><\/a><\/p>\n<p><a href=\"http:\/\/jaais.eu\/wp-content\/uploads\/2022\/01\/Stefan_RAASI_3-rec.pdf\" target=\"_blank\" rel=\"noopener\"><strong><em>Stanislav \u0162erna, Mariana Vasilache, Figurinele antropomorfe din etapa Cucuteni A din interfluviul pruto-nistrean \/ Anthropomorphic figurines from Cucuteni A stage from the Prut-Dniester interfluve,<\/em> Cristian Eduard \u0218TEFAN<\/strong><\/a><\/p>\n<p><a href=\"http:\/\/jaais.eu\/wp-content\/uploads\/2022\/01\/RAASI_3_Lista-autorilor_List-of-authors.pdf\" target=\"_blank\" rel=\"noopener\">List of authors<\/a><\/p>\n","protected":false},"excerpt":{"rendered":"<p>Adela Kov\u00e1cs, Ionela Luiza Melinte, Determin\u0103ri dactiloscopice pe un vas cer amic apar\u0163in\u00e2nd culturii Cucuteni, faza A \/ Dactyloscopic analysis on a ceramic vessel belonging to Cucuteni culture, phase A \u041a\u0438\u0440\u0438\u0447\u0435\u043d\u043a\u043e \u0414\u043c\u0438\u0442\u0440\u0438\u0439 \u0410., \u041e\u0431\u044b\u0447\u0430\u0439 \u0438\u0441\u043a\u0443\u0441\u0441\u0442\u0432\u0435\u043d\u043d\u043e\u0439 \u0434\u0435\u0444\u043e\u0440\u043c\u0430\u0446\u0438\u0438 \u0433 \u043e\u043b\u043e\u0432\u044b (\u0447\u0435\u0440\u0435\u043f\u0430) \u043d\u0430 \u0442\u0435\u0440\u0440\u0438\u0442\u043e\u0440\u0438\u0438 \u0410\u0437\u0435\u0440\u0431\u0430\u0439\u0434\u0436\u0430\u043d\u0430,&hellip;<\/p>\n","protected":false},"author":3,"featured_media":0,"parent":0,"menu_order":0,"comment_status":"closed","ping_status":"closed","template":"","meta":{"footnotes":""},"class_list":["post-463","page","type-page","status-publish","hentry"],"_links":{"self":[{"href":"https:\/\/jaais.eu\/en\/wp-json\/wp\/v2\/pages\/463","targetHints":{"allow":["GET"]}}],"collection":[{"href":"https:\/\/jaais.eu\/en\/wp-json\/wp\/v2\/pages"}],"about":[{"href":"https:\/\/jaais.eu\/en\/wp-json\/wp\/v2\/types\/page"}],"author":[{"embeddable":true,"href":"https:\/\/jaais.eu\/en\/wp-json\/wp\/v2\/users\/3"}],"replies":[{"embeddable":true,"href":"https:\/\/jaais.eu\/en\/wp-json\/wp\/v2\/comments?post=463"}],"version-history":[{"count":24,"href":"https:\/\/jaais.eu\/en\/wp-json\/wp\/v2\/pages\/463\/revisions"}],"predecessor-version":[{"id":797,"href":"https:\/\/jaais.eu\/en\/wp-json\/wp\/v2\/pages\/463\/revisions\/797"}],"wp:attachment":[{"href":"https:\/\/jaais.eu\/en\/wp-json\/wp\/v2\/media?parent=463"}],"curies":[{"name":"wp","href":"https:\/\/api.w.org\/{rel}","templated":true}]}}