{"id":318,"date":"2020-12-02T07:19:54","date_gmt":"2020-12-02T07:19:54","guid":{"rendered":"http:\/\/jaais.eu\/en\/?page_id=318"},"modified":"2024-12-04T20:40:34","modified_gmt":"2024-12-04T20:40:34","slug":"raasi-nr-2-2020","status":"publish","type":"page","link":"https:\/\/jaais.eu\/en\/raasi-nr-2-2020\/","title":{"rendered":"JAAIS No. 2\/2020"},"content":{"rendered":"\n<div class=\"wp-block-media-text alignwide is-stacked-on-mobile\" style=\"grid-template-columns:30% auto\"><figure class=\"wp-block-media-text__media\"><img loading=\"lazy\" decoding=\"async\" width=\"751\" height=\"1024\" src=\"http:\/\/jaais.eu\/wp-content\/uploads\/2020\/12\/Coperta-751x1024.jpg\" alt=\"\" class=\"wp-image-335 size-full\" srcset=\"https:\/\/jaais.eu\/wp-content\/uploads\/2020\/12\/Coperta-751x1024.jpg 751w, https:\/\/jaais.eu\/wp-content\/uploads\/2020\/12\/Coperta-220x300.jpg 220w, https:\/\/jaais.eu\/wp-content\/uploads\/2020\/12\/Coperta-768x1047.jpg 768w, https:\/\/jaais.eu\/wp-content\/uploads\/2020\/12\/Coperta-1127x1536.jpg 1127w, https:\/\/jaais.eu\/wp-content\/uploads\/2020\/12\/Coperta-1502x2048.jpg 1502w, https:\/\/jaais.eu\/wp-content\/uploads\/2020\/12\/Coperta-scaled.jpg 1878w\" sizes=\"auto, (max-width: 751px) 100vw, 751px\" \/><\/figure><div class=\"wp-block-media-text__content\">\n<ul class=\"wp-block-list\"><li><strong>Revista de Arheologie, Antropologie \u015fi Studii Interdisciplinare (RAASI)<\/strong><\/li><li><strong>No. 2 \/ 2020<\/strong><\/li><li><strong>ISSN 2587-3768<\/strong><\/li><li><strong>E-ISSN 2587-3776<\/strong><\/li><\/ul>\n<\/div><\/div>\n\n\n\n\n\n<p><strong><a href=\"http:\/\/jaais.eu\/wp-content\/uploads\/2020\/12\/1_RAASI_2_2020_Fedor_1.pdf\" target=\"_blank\" rel=\"noreferrer noopener\">C\u0103t\u0103lin-George Fedor, <\/a><\/strong><em><a href=\"http:\/\/jaais.eu\/wp-content\/uploads\/2020\/12\/1_RAASI_2_2020_Fedor_1.pdf\" target=\"_blank\" rel=\"noreferrer noopener\">Why Archaeology, Anthropology and Interdisciplinary Studies? \/ De ce Arheologie, Antropologie \u015fi Studii Interdisciplinare?<\/a><\/em><\/p>\n\n\n\n<p><strong><a href=\"http:\/\/jaais.eu\/wp-content\/uploads\/2020\/12\/2_RAASI_2_2020_Pistruil_Hrytsiuta.pdf\" target=\"_blank\" rel=\"noreferrer noopener\">Ihor V. Pistruil, Oksana A. Hrytsiuta, <\/a><\/strong><em><a href=\"http:\/\/jaais.eu\/wp-content\/uploads\/2020\/12\/2_RAASI_2_2020_Pistruil_Hrytsiuta.pdf\" target=\"_blank\" rel=\"noreferrer noopener\">Bison rib artefacts from the Upper Paleolithic settlement of Anetovka 2 (Ukraine) \/ Artefactele din coaste de bizon din sta\u0163iunea paleolitic\u0103 superioar\u0103 Anetovka 2<\/a><\/em><\/p>\n\n\n\n<p><strong><a href=\"http:\/\/jaais.eu\/wp-content\/uploads\/2020\/12\/3_RAASI_2_2020_Stefan.pdf\" target=\"_blank\" rel=\"noreferrer noopener\">Cristian Eduard \u015etefan, <\/a><\/strong><em><a href=\"http:\/\/jaais.eu\/wp-content\/uploads\/2020\/12\/3_RAASI_2_2020_Stefan.pdf\" target=\"_blank\" rel=\"noreferrer noopener\">Despre un tip de figurin\u0103 antropomorf\u0103 din aria culturii Vin\u010da \/ About an anthropomorphic figurine type from Vin\u010da culture<\/a><\/em><\/p>\n\n\n\n<p><strong><a href=\"http:\/\/jaais.eu\/wp-content\/uploads\/2020\/12\/4_RAASI_2_2020_Kovacs_1.pdf\" target=\"_blank\" rel=\"noreferrer noopener\">Adela Kov\u00e1cs, <\/a><\/strong><em><a href=\"http:\/\/jaais.eu\/wp-content\/uploads\/2020\/12\/4_RAASI_2_2020_Kovacs_1.pdf\" target=\"_blank\" rel=\"noreferrer noopener\">Miniature with anthropomorphic features. Observations on a vessel discovered at Cervice\u015fti Deal -La Mori\u015fc\u0103 (Mihai Eminescu commune, Boto\u015fani County) \/ Miniatural cu caracteristici antropomorfe. Considera\u0163ii asupra unui vas descoperit la Cervice\u015fti Deal-La Mori\u015fc\u0103 (comuna Mihai Eminescu, jude\u0163ul Boto\u015fani)<\/a><\/em><\/p>\n\n\n\n<p><strong><a href=\"http:\/\/jaais.eu\/wp-content\/uploads\/2020\/12\/5_RAASI_2_2020_Frinculeasa.pdf\" target=\"_blank\" rel=\"noreferrer noopener\">Alin Fr\u00eenculeasa, <\/a><\/strong><em><a href=\"http:\/\/jaais.eu\/wp-content\/uploads\/2020\/12\/5_RAASI_2_2020_Frinculeasa.pdf\" target=\"_blank\" rel=\"noreferrer noopener\">Endangered monuments: in rescue of the mutilated and anonymous burial mounds of the steppe \/ Monumente \u00een pericol: salvarea movilelor funerare mutilate \u0219i anonime din step\u0103<\/a><\/em><\/p>\n\n\n\n<p><a href=\"http:\/\/jaais.eu\/wp-content\/uploads\/2020\/12\/6_RAASI_2_2020_Kiricenko.pdf\" target=\"_blank\" rel=\"noreferrer noopener\"><strong>Dmitriy Al. Kirichenko, <\/strong><em>The sword-rapier of The Middle Bronze Age from Zayamchay (Azerbaijan) \/ Sabia-rapier\u0103 din perioada mijlocie a epocii bronzului descoperit\u0103 la Zayamchay<\/em> <em>(Azerbaidjan)<\/em><\/a><\/p>\n\n\n\n<p><strong><a href=\"http:\/\/jaais.eu\/wp-content\/uploads\/2020\/12\/7_RAASI_2_2020_Diaconu_Brasoveanu.pdf\" data-type=\"URL\" data-id=\"http:\/\/jaais.eu\/wp-content\/uploads\/2020\/12\/7_RAASI_2_2020_Diaconu_Brasoveanu.pdf\" target=\"_blank\" rel=\"noreferrer noopener\">Vasile Diaconu, Casandra Bra\u0219oveanu, <\/a><\/strong><em><a href=\"http:\/\/jaais.eu\/wp-content\/uploads\/2020\/12\/7_RAASI_2_2020_Diaconu_Brasoveanu.pdf\" data-type=\"URL\" data-id=\"http:\/\/jaais.eu\/wp-content\/uploads\/2020\/12\/7_RAASI_2_2020_Diaconu_Brasoveanu.pdf\" target=\"_blank\" rel=\"noreferrer noopener\">A bronze dagger from the Moldavian Subcarpathians \/ Un pumnal de bronz din Subcarpa\u0163ii Moldovei<\/a><\/em><\/p>\n\n\n\n<p><strong><a href=\"http:\/\/jaais.eu\/wp-content\/uploads\/2020\/12\/8_RAASI_2_2020_Petraru_et_al.pdf\" target=\"_blank\" rel=\"noreferrer noopener\">Ozana-Maria Petraru, Lumini\u0163a Bejenaru, Vasilica-Monica Groza, Mariana Popovici, <\/a><\/strong><em><a href=\"http:\/\/jaais.eu\/wp-content\/uploads\/2020\/12\/8_RAASI_2_2020_Petraru_et_al.pdf\" target=\"_blank\" rel=\"noreferrer noopener\">Dimensional variability of the human second molar (M2) in Bronze Age populations from North-East Romania \/ Variabilitatea dimensional\u0103 a celui de al doilea molar (M2) uman \u00een popula\u0163ii de epoca bronzului din nord-estul Rom\u00e2niei<\/a><\/em><\/p>\n\n\n\n<p><strong><a href=\"http:\/\/jaais.eu\/wp-content\/uploads\/2020\/12\/9_RAASI_2_2020_Puskas.pdf\" target=\"_blank\" rel=\"noreferrer noopener\">J\u00f3zsef Pusk\u00e1s, <\/a><\/strong><em><a href=\"http:\/\/jaais.eu\/wp-content\/uploads\/2020\/12\/9_RAASI_2_2020_Puskas.pdf\" target=\"_blank\" rel=\"noreferrer noopener\">A\u0219ezarea culturii Noua de la Albi\u0219\/K\u00e9zdialbis\u2013 R\u00e9tremen\u0151 (jude\u0163ul Covasna) \/ The settlement of the Noua culture from Albi\u0219\/K\u00e9zdialbis\u2013R\u00e9tremen\u0151 (Covasna County)<\/a><\/em><\/p>\n\n\n\n<p><strong><a href=\"http:\/\/jaais.eu\/wp-content\/uploads\/2020\/12\/10_RAASI_2_2020_Kelemen.pdf\" target=\"_blank\" rel=\"noreferrer noopener\">Imola Kelemen, <\/a><\/strong><em><a href=\"http:\/\/jaais.eu\/wp-content\/uploads\/2020\/12\/10_RAASI_2_2020_Kelemen.pdf\" target=\"_blank\" rel=\"noreferrer noopener\">Animalele \u201ecenu\u0219arelor\u201d culturii Noua din perioada t\u00e2rzie a epocii bronzului de la Albi\u0219\/K\u00e9zdialbis\u2013 R\u00e9tremen\u0151 (jude\u0163ul Covasna). Analiz\u0103 arheozoologic\u0103 \/ Animals at the Late Bronze Age Noua culture \u201dashmounds\u201d from Albi\u0219\/K\u00e9zdialbis\u2013R\u00e9tremen\u0151 (Covasna County). Archaeozoological analysis<\/a><\/em><\/p>\n\n\n\n<p><strong><a href=\"http:\/\/jaais.eu\/wp-content\/uploads\/2020\/12\/11_RAASI_2_2020_Sinika_et_al.pdf\" target=\"_blank\" rel=\"noreferrer noopener\">\u0412\u0438\u0442\u0430\u043b\u0438\u0439 \u0421. \u0421\u0438\u043d\u0438\u043a\u0430, \u0421\u0435\u0440\u0433\u0435\u0439 \u0414. \u041b\u044b\u0441\u0435\u043d\u043a\u043e, \u0421\u0435\u0440\u0433\u0435\u0439 \u041d. \u0420\u0430\u0437\u0443\u043c\u043e\u0432, \u041d\u0438\u043a\u043e\u043b\u0430\u0439 \u041f. \u0422\u0435\u043b\u044c\u043d\u043e\u0432, <\/a><\/strong><em><a href=\"http:\/\/jaais.eu\/wp-content\/uploads\/2020\/12\/11_RAASI_2_2020_Sinika_et_al.pdf\" target=\"_blank\" rel=\"noreferrer noopener\">\u0421\u043a\u0438\u0444\u0441\u043a\u0430\u044f \u0433\u0440\u043e\u0431\u043d\u0438\u0446\u0430 \u0441 \u043c\u0435\u0447\u043e\u043c \u0442\u0438\u043f\u0430 \u0421\u043e\u043b\u043e\u0445\u0430 \u043d\u0430 \u041d\u0438\u0436\u043d\u0435\u043c \u0414\u043d\u0435\u0441\u0442\u0440\u0435 \/ Scythian tomb with the sword of the Solokha type in the Lower Dniester region<\/a><\/em><\/p>\n\n\n\n<p><strong><a href=\"http:\/\/jaais.eu\/wp-content\/uploads\/2020\/12\/12_RAASI_2_2020_Hanceanu.pdf\" target=\"_blank\" rel=\"noreferrer noopener\">George-Dan H\u00e2nceanu, <\/a><\/strong><em><a href=\"http:\/\/jaais.eu\/wp-content\/uploads\/2020\/12\/12_RAASI_2_2020_Hanceanu.pdf\" target=\"_blank\" rel=\"noreferrer noopener\">Vasele miniaturale din a\u015fezarea dacilor liberi de la Ro\u015fiori (jud. Neam\u0163) \/ The miniatural vessels from the settlement of the free Dacians from Ro\u015fiori (Neam\u0163 County)<\/a><\/em><\/p>\n\n\n\n<p><strong><a href=\"http:\/\/jaais.eu\/wp-content\/uploads\/2020\/12\/13_RAASI_2_2020_Vasile.pdf\" target=\"_blank\" rel=\"noreferrer noopener\">Gabriel Vasile, <\/a><\/strong><em><a href=\"http:\/\/jaais.eu\/wp-content\/uploads\/2020\/12\/13_RAASI_2_2020_Vasile.pdf\" target=\"_blank\" rel=\"noreferrer noopener\">Situl arheologic Br\u0103ila Cartier Br\u0103ili\u0163a, campania 2018. Analiza antropologic\u0103 a resturilor scheletice de incinera\u0163ie \/ Br\u0103ila Cartier Br\u0103ili\u0163a, archaeological site, 2018 campaign. Anthropological analysis of cremated skeletal remains<\/a><\/em><\/p>\n\n\n\n<p><strong><a href=\"http:\/\/jaais.eu\/wp-content\/uploads\/2020\/12\/14_RAASI_2_2020_Simalcsik_R.pdf\" target=\"_blank\" rel=\"noreferrer noopener\">Robert Daniel Simalcsik, <\/a><\/strong><em><a href=\"http:\/\/jaais.eu\/wp-content\/uploads\/2020\/12\/14_RAASI_2_2020_Simalcsik_R.pdf\" target=\"_blank\" rel=\"noreferrer noopener\">Analiza antropologic\u0103 a osemintelor din groapa comun\u0103 de la Horle\u015fti, jude\u0163ul Ia\u015fi (Rom\u00e2nia) \/ Anthropological analysis of the Horle\u015fti mass grave bones, Ia\u015fi County (Romania)<\/a><\/em><\/p>\n\n\n\n<p><strong><a href=\"http:\/\/jaais.eu\/wp-content\/uploads\/2020\/12\/15_RAASI_2_2020_Munteanu_et_al.pdf\" target=\"_blank\" rel=\"noreferrer noopener\">Lucian Munteanu, \u015etefan Honcu, Dan Aparaschivei, <\/a><\/strong><em><a href=\"http:\/\/jaais.eu\/wp-content\/uploads\/2020\/12\/15_RAASI_2_2020_Munteanu_et_al.pdf\" target=\"_blank\" rel=\"noreferrer noopener\">Descoperiri monetare din necropola bisericii \u201eTalpalari\u201d din Ia\u015fi \/ Coins found in the necropolis of the \u201eTalpalari\u201d Church in Ia\u0219i<\/a><\/em><\/p>\n\n\n\n<p><strong><a href=\"http:\/\/jaais.eu\/wp-content\/uploads\/2020\/12\/16_RAASI_2_2020_Simalcsik_A_1.pdf\" target=\"_blank\" rel=\"noreferrer noopener\">Angela Simalcsik, <\/a><\/strong><em><a href=\"http:\/\/jaais.eu\/wp-content\/uploads\/2020\/12\/16_RAASI_2_2020_Simalcsik_A_1.pdf\" target=\"_blank\" rel=\"noreferrer noopener\">The health status of subadults exhumed from the cemetery of the wooden church in C\u0103lug\u0103reni (Giurgiu, Romania) \/ Starea de s\u0103n\u0103tate a subadul\u0163ilor deshuma\u0163i din cimitirul afferent \u201eBisericii de lemn\u201d din C\u0103lug\u0103reni (Giurgiu, Rom\u00e2nia)<\/a><\/em><\/p>\n\n\n\n<p><strong><a href=\"http:\/\/jaais.eu\/wp-content\/uploads\/2020\/12\/17_RAASI_2_2020_Groza_et_al.pdf\" target=\"_blank\" rel=\"noreferrer noopener\">Vasilica-Monica Groza, Mariana Popovici, Lumini\u0163a Bejenaru, Ozana-Maria Petraru, <\/a><\/strong><em><a href=\"http:\/\/jaais.eu\/wp-content\/uploads\/2020\/12\/17_RAASI_2_2020_Groza_et_al.pdf\" target=\"_blank\" rel=\"noreferrer noopener\">Preliminary study of human skeleton with syphilis discovered in the postmedieval city of Ia\u015fi (Romania) \/ Studiul preliminar al unui schelet uman cu sifilis descoperit \u00een ora\u015ful postmedieval Ia\u015fi (Rom\u00e2nia)<\/a><\/em><\/p>\n\n\n\n<p><strong><a href=\"http:\/\/jaais.eu\/wp-content\/uploads\/2020\/12\/18_RAASI_2_2020_Fedor_2.pdf\" target=\"_blank\" rel=\"noreferrer noopener\">C\u0103t\u0103lin-George Fedor, <\/a><\/strong><em><a href=\"http:\/\/jaais.eu\/wp-content\/uploads\/2020\/12\/18_RAASI_2_2020_Fedor_2.pdf\" target=\"_blank\" rel=\"noreferrer noopener\">Studiu de antropologie social\u0103 \u00eentr-o comunitate aflat\u0103 la confluen\u0163a a dou\u0103 regiuni istorice ale Rom\u00e2niei (partea a doua) \/ A social anthropology study of a community located at the confluence of two Romanian historical regions (second part)<\/a><\/em><\/p>\n\n\n\n<p><strong><a href=\"http:\/\/jaais.eu\/wp-content\/uploads\/2020\/12\/19_RAASI_2_2020_Cocieru.pdf\" target=\"_blank\" rel=\"noreferrer noopener\">Mariana Cocieru, <\/a><\/strong><em><a href=\"http:\/\/jaais.eu\/wp-content\/uploads\/2020\/12\/19_RAASI_2_2020_Cocieru.pdf\" target=\"_blank\" rel=\"noreferrer noopener\">Interferen\u0163a crea\u0163iei tradi\u0163ionale cu literatura scris\u0103 din Basarabia \/ The interference of traditional creation with written literature from Bessarabia<\/a><\/em><\/p>\n\n\n\n<p><a href=\"http:\/\/jaais.eu\/wp-content\/uploads\/2020\/12\/20_RAASI_2_2020_Kovacs_2.pdf\" target=\"_blank\" rel=\"noreferrer noopener\"><strong>Dumitru Boghian, Sergiu-Constantin Enea, Sorin Ign\u0103tescu, Lumini\u0163a Bejenaru, Simina Margareta Stanc, <\/strong><em>Comunit\u0103\u0163ile cucuteniene din zona T\u00e2rgului Frumos. Cercet\u0103ri interdisciplinare \u00een siturile de la Coste\u015fti \u015fi Giurge\u015fti<\/em><strong>, <\/strong>Editura Universit\u0103\u0163ii \u201eAlexandru Ioan Cuza\u201d, Ia\u015fi, 2014, 350 pagini (<em><strong>Adela Kov\u00e1cs<\/strong><\/em>)<\/a><\/p>\n\n\n\n<p><a href=\"http:\/\/jaais.eu\/wp-content\/uploads\/2020\/12\/21_RAASI_2_2020_Simalcsik_A_2.pdf\" target=\"_blank\" rel=\"noreferrer noopener\"><strong>\u0415\u0432\u0433\u0435\u043d\u0438\u0439 \u0421\u0430\u0432\u0430, \u0421\u0435\u0440\u0433 \u0435\u0439 \u0410\u0433\u0443\u043b\u044c\u043d\u0438\u043a\u043e\u0432, \u0418\u0433\u043e\u0440\u044c \u041c\u0430\u043d\u0437\u0443\u0440\u0430 \/ Eugen Sava, Serghei Agulnicov, Igor Manzura, <\/strong><em>\u0418\u0441\u0441\u043b\u0435\u0434\u043e\u0432\u0430\u043d\u0438\u044f \u043a\u0443\u0440\u0433\u0430\u043d\u043e\u0432 \u0432 \u0411\u0443\u0434\u0436\u0430\u043a\u0441\u043a\u043e\u0439 \u0441\u0442\u0435\u043f\u0438 (1980-1985 \u0433\u0433.) \/ Cercetarea tumulilor din stepa Bugeacului (1980-1985)<\/em>, Biblioteca \u201eTyragetia\u201d XXX, Bons Offices, Chi\u015fin\u0103u, 368 pagini (<em><strong>Angela Simalcsik<\/strong><\/em>)<\/a><\/p>\n\n\n\n<p><a href=\"http:\/\/jaais.eu\/wp-content\/uploads\/2020\/12\/22_RAASI_2_2020_Petrencu.pdf\" target=\"_blank\" rel=\"noreferrer noopener\"><strong>\u0416\u043e\u0440\u0435\u0441 \u0410\u043b\u0444\u0435\u0440\u043e\u0432 \/ Jores Alfiorov, <\/strong><em>\u0412\u043b\u0430\u0441\u0442\u044c \u0431\u0435\u0437 \u043c\u043e\u0437\u0433\u043e\u0432. \u041e\u0442\u0434\u0435\u043b\u0435\u043d\u0438\u0435 \u043d\u0430\u0443\u043a\u0438 \u043e\u0442 \u0433\u043e\u0441\u0443\u0434\u0430\u0440\u0441\u0442\u0432\u0430 \/ Puterea f\u0103r\u0103 creier\/f\u0103r\u0103 minte. Separarea \u015ftiin\u0163ei de stat<\/em>, Editura \u0420\u043e\u0434\u0438\u043d\u0430, \u041c\u043e\u0441\u043a\u0432\u0430, 256 pagini (<em><strong>Anatol Petrencu<\/strong>)<\/em><\/a><\/p>\n\n\n\n<p><strong><a rel=\"noreferrer noopener\" href=\"http:\/\/jaais.eu\/wp-content\/uploads\/2020\/12\/lista-autori.pdf\" target=\"_blank\">List of authors<\/a><\/strong><\/p>\n\n\n\n<p><\/p>\n\n\n","protected":false},"excerpt":{"rendered":"<p>Revista de Arheologie, Antropologie \u015fi Studii Interdisciplinare (RAASI) No. 2 \/ 2020 ISSN 2587-3768 E-ISSN 2587-3776 C\u0103t\u0103lin-George Fedor, Why Archaeology, Anthropology and Interdisciplinary Studies? \/ De ce Arheologie, Antropologie \u015fi Studii Interdisciplinare? Ihor V. Pistruil, Oksana A. Hrytsiuta, Bison rib artefacts from&hellip;<\/p>\n","protected":false},"author":2,"featured_media":0,"parent":0,"menu_order":0,"comment_status":"closed","ping_status":"closed","template":"","meta":{"footnotes":""},"class_list":["post-318","page","type-page","status-publish","hentry"],"_links":{"self":[{"href":"https:\/\/jaais.eu\/en\/wp-json\/wp\/v2\/pages\/318","targetHints":{"allow":["GET"]}}],"collection":[{"href":"https:\/\/jaais.eu\/en\/wp-json\/wp\/v2\/pages"}],"about":[{"href":"https:\/\/jaais.eu\/en\/wp-json\/wp\/v2\/types\/page"}],"author":[{"embeddable":true,"href":"https:\/\/jaais.eu\/en\/wp-json\/wp\/v2\/users\/2"}],"replies":[{"embeddable":true,"href":"https:\/\/jaais.eu\/en\/wp-json\/wp\/v2\/comments?post=318"}],"version-history":[{"count":14,"href":"https:\/\/jaais.eu\/en\/wp-json\/wp\/v2\/pages\/318\/revisions"}],"predecessor-version":[{"id":796,"href":"https:\/\/jaais.eu\/en\/wp-json\/wp\/v2\/pages\/318\/revisions\/796"}],"wp:attachment":[{"href":"https:\/\/jaais.eu\/en\/wp-json\/wp\/v2\/media?parent=318"}],"curies":[{"name":"wp","href":"https:\/\/api.w.org\/{rel}","templated":true}]}}