{"id":1013,"date":"2025-12-18T14:48:28","date_gmt":"2025-12-18T14:48:28","guid":{"rendered":"https:\/\/jaais.eu\/?page_id=1013"},"modified":"2025-12-18T16:09:25","modified_gmt":"2025-12-18T16:09:25","slug":"raasi-nr-7-2025","status":"publish","type":"page","link":"https:\/\/jaais.eu\/en\/raasi-nr-7-2025\/","title":{"rendered":"RAASI nr. 7\/2025"},"content":{"rendered":"\n<div class=\"wp-block-media-text is-stacked-on-mobile\" style=\"grid-template-columns:33% auto\"><figure class=\"wp-block-media-text__media\"><img loading=\"lazy\" decoding=\"async\" width=\"704\" height=\"1024\" src=\"https:\/\/jaais.eu\/wp-content\/uploads\/2025\/12\/coperta-2-704x1024.jpg\" alt=\"\" class=\"wp-image-1016 size-full\" srcset=\"https:\/\/jaais.eu\/wp-content\/uploads\/2025\/12\/coperta-2-704x1024.jpg 704w, https:\/\/jaais.eu\/wp-content\/uploads\/2025\/12\/coperta-2-206x300.jpg 206w, https:\/\/jaais.eu\/wp-content\/uploads\/2025\/12\/coperta-2-768x1117.jpg 768w, https:\/\/jaais.eu\/wp-content\/uploads\/2025\/12\/coperta-2-1056x1536.jpg 1056w, https:\/\/jaais.eu\/wp-content\/uploads\/2025\/12\/coperta-2.jpg 1408w\" sizes=\"auto, (max-width: 704px) 100vw, 704px\" \/><\/figure><div class=\"wp-block-media-text__content\">\n<p><\/p>\n\n\n\n<ul>\n<li><strong>Revista de Arheologie, Antropologie \u0219i Studii Interdisciplinare (RAASI)<\/strong><\/li>\n<li><strong>Nr. 7\/2025<\/strong><\/li>\n<li><strong>ISSN 2587-3768<\/strong><\/li>\n<li><strong>E-ISSN 2587-3776<\/strong><\/li>\n<\/ul>\n\n\n<\/div><\/div>\n\n\n\n<p><strong><a href=\"http:\/\/jaais.eu\/wp-content\/uploads\/2025\/12\/1_Gligor_etal.pdf\" target=\"_blank\" rel=\"noreferrer noopener\">Mihai Gligor, Ana Fetcu, Doru Bogdan, Marian-Bogdan Condur\u0103\u0163eanu, <em>New excavations in old sites. The Late Neolithic necropolis from Iclod, Cluj County, Romania (I)<\/em><\/a><\/strong><\/p>\n\n\n\n<p><a href=\"http:\/\/jaais.eu\/wp-content\/uploads\/2025\/12\/2_Diaconu.pdf\" target=\"_blank\" rel=\"noopener\" data-wplink-edit=\"true\"><strong>Vasile Diaconu, Carsten Mischka, Angela Simalcsik, Rebeca Cefalan, Gabriela Sava, Maria Ilie, Doru P\u0103ce\u0219il\u0103, Cristian M\u0103n\u0103ilescu, <em>De la preistorie la \u00eenceputurile evului mediu. O contribu\u0163ie recent\u0103 privitoare la situl arheologic de la T\u00e2rpe\u0219ti (jude\u0163ul Neam\u0163, Rom\u00e2nia)<\/em><\/strong><\/a><\/p>\n\n\n\n<p><strong><a href=\"http:\/\/jaais.eu\/wp-content\/uploads\/2025\/12\/3_Ivanova.pdf\" target=\"_blank\" rel=\"noreferrer noopener\">Svitlana Ivanova, <em>\u201cWar and peace\u201d: Relations and interactions in the Northwestern Black Sea Region in the 3rd millennium BC<\/em><\/a><\/strong><\/p>\n\n\n\n<p><strong><a href=\"http:\/\/jaais.eu\/wp-content\/uploads\/2025\/12\/4_Popovici_etal.pdf\" target=\"_blank\" rel=\"noreferrer noopener\">Sergiu Popovici, Vasilica-Monica Groza, Mariana Popovici, Ozana-Maria Ciorpac-Petraru, <em>Tumulii nr. 9 \u0219i nr. 10 de la Novosiolovca (raionul Taraclia, Republica Moldova). Date arheologice \u0219i antropologice<\/em><\/a><\/strong><\/p>\n\n\n\n<p><strong><a href=\"http:\/\/jaais.eu\/wp-content\/uploads\/2025\/12\/5_Filip.pdf\" target=\"_blank\" rel=\"noreferrer noopener\">Gabriela Filip, <em>Analiza antropologic\u0103 a unor resturi osteologice umane descoperite \u00eentr-un complex de epoc\u0103 La T\u00e8ne de la S\u0103pata (jude\u0163ul Dolj, Rom\u00e2nia)<\/em><\/a><\/strong><\/p>\n\n\n\n<p><strong><a href=\"http:\/\/jaais.eu\/wp-content\/uploads\/2025\/12\/6_Talmatchi_etal.pdf\" target=\"_blank\" rel=\"noreferrer noopener\">Gabriel Mircea Talma\u0163chi, Aurel Mototolea, Tiberiu Pot\u00e2rniche, <em>Descoperiri monetare preromane la Tomis \u00een contextul unor cercet\u0103ri arheologice relativ recente (2017\u20132019)<\/em><\/a><\/strong><\/p>\n\n\n\n<p><strong><a href=\"http:\/\/jaais.eu\/wp-content\/uploads\/2025\/12\/7_Cretu.pdf\" target=\"_blank\" rel=\"noreferrer noopener\">Ciprian Cre\u0163u, <em>Diffuse idiopathic skeletal hyperostosis in an individual from the Late Roman cemetery at Histria<\/em><\/a><\/strong><\/p>\n\n\n\n<p><strong><a href=\"http:\/\/jaais.eu\/wp-content\/uploads\/2025\/12\/8_Staicut_etal.pdf\" target=\"_blank\" rel=\"noreferrer noopener\">Gabriel St\u0103icu\u0163, Daniel Garv\u0103n, Lauren\u0163iu Grigora\u0219, Daniel Malaxa, Rebeca Cefalan, Angela Simalcsik, <em>Un morm\u00e2nt din secolul al IV-lea p.Chr. descoperit la Lipia (jude\u0163ul Buz\u0103u, Rom\u00e2nia)<\/em><\/a><\/strong><\/p>\n\n\n\n<p><strong><a href=\"http:\/\/jaais.eu\/wp-content\/uploads\/2025\/12\/9_Yanov_Dmytrenko.pdf\" target=\"_blank\" rel=\"noreferrer noopener\">Dmytro Yanov, Kateryna Dmytrenko, <em>Mediaeval and Early Modern coins in the collection of Maiaky Lyceum Museum<\/em><\/a><\/strong><\/p>\n\n\n\n<p><strong><a href=\"http:\/\/jaais.eu\/wp-content\/uploads\/2025\/12\/10_Hanceanu_Baltag.pdf\" target=\"_blank\" rel=\"noreferrer noopener\">George-Dan H\u00e2nceanu, Andrei Baltag, <em>Un atelier me\u0219te\u0219ug\u0103resc din secolul al XV-lea descoperit la Traian (jude\u0163ul Neam\u0163, Rom\u00e2nia)<\/em><\/a><\/strong><\/p>\n\n\n\n<p><strong><a href=\"http:\/\/jaais.eu\/wp-content\/uploads\/2025\/12\/11_Simalcsik.pdf\" target=\"_blank\" rel=\"noreferrer noopener\">Robert Daniel Simalcsik, <em>Analiza antropologic\u0103 a mormintelor din interiorul Bisericii \u201eAdormirea Maicii Domnului\u201d din incinta M\u0103n\u0103stirii C\u0103priana<\/em><\/a><\/strong><\/p>\n\n\n\n<p><strong><a href=\"http:\/\/jaais.eu\/wp-content\/uploads\/2025\/12\/12_Simalcsik_etal.pdf\" target=\"_blank\" rel=\"noreferrer noopener\">Angela Simalcsik, Daniel Garv\u0103n, Rebeca Cefalan, <em>Biparietal osteodystrophy: An archaeological, morphometric, and palaeopathological insight into a Mediaeval-Modern case from Romania<\/em><\/a><\/strong><\/p>\n\n\n\n<p><strong><a href=\"http:\/\/jaais.eu\/wp-content\/uploads\/2025\/12\/13_Fedor.pdf\" target=\"_blank\" rel=\"noreferrer noopener\">C\u0103t\u0103lin-George Fedor, <em>Cultural capital in a rural Moldavian community. Case study<\/em><\/a><\/strong><\/p>\n\n\n\n<p><strong><a href=\"http:\/\/jaais.eu\/wp-content\/uploads\/2025\/12\/14_Suvac.pdf\" target=\"_blank\" rel=\"noreferrer noopener\">Sergiu Suvac, <em>Datini, obiceiuri \u0219i folclor \u00een Codrii Orheiului: caracterul \u0219i via\u0163a spiritual\u0103 a popula\u0163iei reflectate \u00een literatura interbelic\u0103<\/em><\/a><\/strong><\/p>\n\n\n\n<p><strong><a href=\"http:\/\/jaais.eu\/wp-content\/uploads\/2025\/12\/15_Stefan_recenzie.pdf\" target=\"_blank\" rel=\"noreferrer noopener\">Cristian Eduard \u0218tefan, prezentare de carte: <em>Bronze Age Kurgans in Southern Romania (autor &#8211; Bianca Preda-B\u0103l\u0103nic\u0103)<\/em><\/a><\/strong><\/p>\n\n\n\n<p><strong><a href=\"http:\/\/jaais.eu\/wp-content\/uploads\/2025\/12\/16_Suvac_recenzie_1.pdf\" target=\"_blank\" rel=\"noreferrer noopener\">Sergiu Suvac, prezentare de carte: <em>Cotidianul, tradi\u0163iile calendaristice \u0219i familiale \u00een satele din cadrul Rezerva\u0163iei Cultural-Naturale \u201eOrheiul Vechi\u201d. Volumul I. Studii \u0219i corpus de texte etnografice \u0219i folclorice (autor &#8211; Alexandru Furtun\u0103)<\/em><\/a><\/strong><\/p>\n\n\n\n<p><strong><a href=\"http:\/\/jaais.eu\/wp-content\/uploads\/2025\/12\/17_Suvac_recenzie_2.pdf\" target=\"_blank\" rel=\"noreferrer noopener\">Sergiu Suvac, prezentare de carte: <em>Cotidianul, tradi\u0163iile calendaristice \u0219i familiale \u00een satele din cadrul Rezerva\u0163iei Cultural-Naturale \u201eOrheiul Vechi\u201d. Volumul II. Crea\u0163ia popular\u0103: studii \u0219i corpus de texte (Alexandru Furtun\u0103)<\/em><\/a><br><\/strong><br><\/p>\n\n\n\n\n\n\n\n\n\n\n\n\n\n\n\n\n\n\n\n\n","protected":false},"excerpt":{"rendered":"<p>Mihai Gligor, Ana Fetcu, Doru Bogdan, Marian-Bogdan Condur\u0103\u0163eanu, New excavations in old sites. The Late Neolithic necropolis from Iclod, Cluj County, Romania (I) Vasile Diaconu, Carsten Mischka, Angela Simalcsik, Rebeca Cefalan, Gabriela Sava, Maria Ilie, Doru P\u0103ce\u0219il\u0103, Cristian M\u0103n\u0103ilescu, De la preistorie&hellip;<\/p>\n","protected":false},"author":3,"featured_media":0,"parent":0,"menu_order":0,"comment_status":"closed","ping_status":"closed","template":"","meta":{"footnotes":""},"class_list":["post-1013","page","type-page","status-publish","hentry"],"_links":{"self":[{"href":"https:\/\/jaais.eu\/en\/wp-json\/wp\/v2\/pages\/1013","targetHints":{"allow":["GET"]}}],"collection":[{"href":"https:\/\/jaais.eu\/en\/wp-json\/wp\/v2\/pages"}],"about":[{"href":"https:\/\/jaais.eu\/en\/wp-json\/wp\/v2\/types\/page"}],"author":[{"embeddable":true,"href":"https:\/\/jaais.eu\/en\/wp-json\/wp\/v2\/users\/3"}],"replies":[{"embeddable":true,"href":"https:\/\/jaais.eu\/en\/wp-json\/wp\/v2\/comments?post=1013"}],"version-history":[{"count":6,"href":"https:\/\/jaais.eu\/en\/wp-json\/wp\/v2\/pages\/1013\/revisions"}],"predecessor-version":[{"id":1046,"href":"https:\/\/jaais.eu\/en\/wp-json\/wp\/v2\/pages\/1013\/revisions\/1046"}],"wp:attachment":[{"href":"https:\/\/jaais.eu\/en\/wp-json\/wp\/v2\/media?parent=1013"}],"curies":[{"name":"wp","href":"https:\/\/api.w.org\/{rel}","templated":true}]}}